{"id":729,"date":"2026-03-14T11:57:48","date_gmt":"2026-03-14T11:57:48","guid":{"rendered":"https:\/\/fundacjasercajezusa.pl\/?page_id=729"},"modified":"2026-03-14T13:34:52","modified_gmt":"2026-03-14T13:34:52","slug":"zyciorys-ks-tadeusza-kiersztyna","status":"publish","type":"page","link":"https:\/\/fundacjasercajezusa.pl\/index.php\/zyciorys-ks-tadeusza-kiersztyna\/","title":{"rendered":"\u017byciorys ks. Tadeusza Kiersztyna"},"content":{"rendered":"\t\t<div data-elementor-type=\"wp-page\" data-elementor-id=\"729\" class=\"elementor elementor-729\" data-elementor-post-type=\"page\">\n\t\t\t\t<div class=\"elementor-element elementor-element-aaeca26 e-flex e-con-boxed e-con e-parent\" data-id=\"aaeca26\" data-element_type=\"container\" data-e-type=\"container\">\n\t\t\t\t\t<div class=\"e-con-inner\">\n\t\t<div class=\"elementor-element elementor-element-dca7a58 e-con-full e-flex e-con e-child\" data-id=\"dca7a58\" data-element_type=\"container\" data-e-type=\"container\">\n\t\t\t\t<div class=\"elementor-element elementor-element-6b341cf elementor-widget elementor-widget-heading\" data-id=\"6b341cf\" data-element_type=\"widget\" data-e-type=\"widget\" data-widget_type=\"heading.default\">\n\t\t\t\t\t<h2 class=\"elementor-heading-title elementor-size-default\">\u017byciorys ks. Tadeusza Kiersztyna<\/h2>\t\t\t\t<\/div>\n\t\t\t\t<\/div>\n\t\t\t\t\t<\/div>\n\t\t\t\t<\/div>\n\t\t<div class=\"elementor-element elementor-element-7503465 e-flex e-con-boxed e-con e-parent\" data-id=\"7503465\" data-element_type=\"container\" data-e-type=\"container\">\n\t\t\t\t\t<div class=\"e-con-inner\">\n\t\t<div class=\"elementor-element elementor-element-c607fd7 e-con-full e-flex e-con e-child\" data-id=\"c607fd7\" data-element_type=\"container\" data-e-type=\"container\">\n\t\t\t\t<div class=\"elementor-element elementor-element-530ea67 uppercase elementor-widget elementor-widget-heading\" data-id=\"530ea67\" data-element_type=\"widget\" data-e-type=\"widget\" data-widget_type=\"heading.default\">\n\t\t\t\t\t<h2 class=\"elementor-heading-title elementor-size-default\">(1945- 2012)<\/h2>\t\t\t\t<\/div>\n\t\t\t\t<div class=\"elementor-element elementor-element-093bdc6 uppercase elementor-widget elementor-widget-heading\" data-id=\"093bdc6\" data-element_type=\"widget\" data-e-type=\"widget\" data-widget_type=\"heading.default\">\n\t\t\t\t\t<h2 class=\"elementor-heading-title elementor-size-default\">Pocz\u0105tek drogi<\/h2>\t\t\t\t<\/div>\n\t\t\t\t<div class=\"elementor-element elementor-element-f085a9c elementor-widget elementor-widget-text-editor\" data-id=\"f085a9c\" data-element_type=\"widget\" data-e-type=\"widget\" data-widget_type=\"text-editor.default\">\n\t\t\t\t\t\t\t\t\t<p>Ksi\u0105dz Tadeusz Kiersztyn urodzi\u0142 si\u0119 15 grudnia 1945 roku w Pogorzanach \u2013 Szczyrzycu. Dzieci\u0144stwo i m\u0142odo\u015b\u0107 sp\u0119dzi\u0142 w Rabce. Nast\u0119pnie wyjecha\u0142 do Krakowa, gdzie podj\u0105\u0142 dalsz\u0105 nauk\u0119, a potem prac\u0119 w kamienio\u0142omie.<br \/><br \/>Po g\u0142\u0119bokim wewn\u0119trznym nawr\u00f3ceniu w 1971 roku wst\u0105pi\u0142 do Towarzystwa Jezusowego i rozpocz\u0105\u0142 nowicjat w Starej Wsi ko\u0142o Brzozowa. Jak do tego dosz\u0142o, opowiada\u0142 po latach:\u00a0<strong>Mia\u0142em 26 lat. Pracowa\u0142em w kamienio\u0142omach. By\u0142em zwyk\u0142ym cz\u0142owiekiem\u2026 Przyszed\u0142 do mnie Jezus. By\u0142o to spotkanie niezwyk\u0142e, ale tak dos\u0142owne, tak fizyczne. Zobaczy\u0142em, jak bardzo szybko zbli\u017ca si\u0119 posta\u0107 i kiedy spojrza\u0142 na mnie, Jego wzrok dos\u0142ownie wcisn\u0105\u0142 mnie w ziemi\u0119. Poczu\u0142em smak ziemi ca\u0142ym sob\u0105. I spojrza\u0142 jeszcze raz\u2026 odszed\u0142. I poczu\u0142em tak szalon\u0105 t\u0119sknot\u0119 za Bogiem, tak ogromny ogie\u0144 w moim sercu, \u017ce wiedzia\u0142em, \u017ce musz\u0119 i\u015b\u0107 za Chrystusem, za Barankiem.\u00a0 Wst\u0105pi\u0142em do zakonu ojc\u00f3w jezuit\u00f3w. By\u0142o to dosy\u0107 dawno temu. Po tym prze\u017cyciu nieustannie p\u0142aka\u0142em\u2026 nie mog\u0142em si\u0119 po prostu otrz\u0105sn\u0105\u0107. I przez \u0142zy pyta\u0142em: co mam Panie uczyni\u0107? Po co\u015b przyszed\u0142 do mnie? Dlaczego kaza\u0142e\u015b mi wej\u015b\u0107 na drog\u0119, kt\u00f3rej nie rozumia\u0142em i nie pragn\u0105\u0142em? Pan Jezus nie dawa\u0142 mi odpowiedzi, ale dawa\u0142 swoje \u0142aski: \u0142ask\u0119 cierpienia, \u0142ask\u0119 ofiary<\/strong>.<br \/><br \/>Kolejne lata to czas studi\u00f3w, najpierw filozoficznych w Krakowie, potem teologicznych w Warszawie, a od 1978 roku ksi\u0105dz Tadeusz kontynuowa\u0142 studia na Uniwersytecie Gregoria\u0144skim w Rzymie, gdzie w 1980 roku uzyska\u0142 licencjat (ko\u015bcielny) z teologii duchowo\u015bci. Czas pobytu w Wiecznym Mie\u015bcie by\u0142 szczeg\u00f3lny dla ksi\u0119dza Tadeusza r\u00f3wnie\u017c dlatego, \u017ce w\u0142a\u015bnie tam 24 czerwca 1979 roku przyj\u0105\u0142 \u015bwi\u0119cenia kap\u0142a\u0144skie z r\u0105k papie\u017ca Jana Paw\u0142a II. By\u0142 w grupie pierwszych kleryk\u00f3w \u015bwi\u0119conych przez papie\u017ca Polaka.<\/p>\t\t\t\t\t\t\t\t<\/div>\n\t\t\t\t<div class=\"elementor-element elementor-element-f7b6c84 uppercase elementor-widget elementor-widget-heading\" data-id=\"f7b6c84\" data-element_type=\"widget\" data-e-type=\"widget\" data-widget_type=\"heading.default\">\n\t\t\t\t\t<h2 class=\"elementor-heading-title elementor-size-default\">Kapelan Mumink\u00f3w<\/h2>\t\t\t\t<\/div>\n\t\t\t\t<div class=\"elementor-element elementor-element-aee7d15 elementor-widget elementor-widget-text-editor\" data-id=\"aee7d15\" data-element_type=\"widget\" data-e-type=\"widget\" data-widget_type=\"text-editor.default\">\n\t\t\t\t\t\t\t\t\t<p>Kiedy ju\u017c jako kap\u0142an powr\u00f3ci\u0142 do kraju, rozpocz\u0105\u0142 si\u0119 dla niego czas s\u0142u\u017cby i ci\u0119\u017ckiej pracy dla chwa\u0142y Jezusa. W latach 1980-1984 by\u0142 prefektem kleryk\u00f3w w kolegium jezuickim w Krakowie. Pos\u0142ugiwa\u0142 te\u017c jako duszpasterz i kapelan Wsp\u00f3lnot \u201eWiary i \u015awiat\u0142a\u201d, ruchu za\u0142o\u017conego przez Jeana Vaniera we Francji. Na kartach \u201ePos\u0142a\u0144ca Serca Jezusowego\u201d ksi\u0105dz Tadeusz wspomina\u0142 pierwsze spotkanie z Muminkami i ich opiekunami:\u00a0<strong>Przechadzaj\u0105c si\u0119 po obiedzie po przestronnym i cichym korytarzu mego klasztornego domu, us\u0142ysza\u0142em natarczywe dzwonienie telefonu. Telefonowano do mnie. M\u0119ski g\u0142os, do\u015b\u0107 bezceremonialny: Prosz\u0119 ksi\u0119dza o odprawienie Mszy \u015bw. w najbli\u017csz\u0105 niedziel\u0119 w Puszczy Niepo\u0142omickiej, w le\u015bnicz\u00f3wce, dla grupy dzieci upo\u015bledzonych umys\u0142owo i ich opiekun\u00f3w. Je\u015bli ksi\u0105dz odm\u00f3wi, to w niedziel\u0119 nikt z nas na Mszy \u015bw. nie b\u0119dzie ze wzgl\u0119du na du\u017c\u0105 odleg\u0142o\u015b\u0107 od ko\u015bcio\u0142a. Co ksi\u0105dz na to? (\u2026) Rozumiem. Rzecz ta jest jednak niemo\u017cliwa. Mo\u017ce pan poprosi kogo innego? Po drugiej stronie s\u0142uchawki chwila ciszy, a potem hukn\u0119\u0142o jak grom z jasnego nieba: Prosz\u0119 przyj\u0105\u0107 do wiadomo\u015bci, \u017ce ksi\u0105dz jest czternastym ksi\u0119dzem, kt\u00f3ry mi odmawia. To by\u0142y mocne s\u0142owa! Zabrzmia\u0142y jak prawdziwe oskar\u017cenie. Nerwowo szukaj\u0105c dogodniejszej pozycji, wyrzuci\u0142em pospiesznie: Prosz\u0119 pana, chwileczk\u0119! Niech pan poczeka. Dalsza rozmowa by\u0142a ju\u017c bardzo prosta. O kt\u00f3rej godzinie ma by\u0107 Msza \u015bw., ile os\u00f3b, jak dojecha\u0107.(\u2026) Po miesi\u0105cu zjawi\u0142 si\u0119 Marek. Od drzwi mi oznajmi\u0142: Ksi\u0105dz musi by\u0107 naszym kapelanem. Muminki powiedzia\u0142y, \u017ce si\u0119 zgadzaj\u0105 na ksi\u0119dza, i tak by\u0107 musi.(\u2026) Chcemy ksi\u0119dza. Ksi\u0105dz musi zosta\u0107 naszym kapelanem. Wiedzia\u0142em, \u017ce nie ust\u0105pi. Po raz drugi ust\u0105pi\u0142em ja. Reszty dokona\u0142 B\u00f3g<\/strong>.<br \/><br \/>Ksi\u0105dz Tadeusz bardzo cz\u0119sto powtarza\u0142, \u017ce od tych os\u00f3b nauczy\u0142 si\u0119 najwi\u0119cej, pozna\u0142, co znaczy kocha\u0107 i by\u0107 szczerym i pokornym cz\u0142owiekiem:\u00a0<strong>W\u0142a\u015bnie kontakty z dzie\u0107mi upo\u015bledzonymi \u201eMuminkami\u201d, mocno zawa\u017cy\u0142y na moim \u017cyciu. To od nich nauczy\u0142em si\u0119, m\u00f3wi\u0105c obrazowo, poprzez chmury dostrzega\u0107 s\u0142o\u0144ce i dzi\u0119kowa\u0107 Bogu za \u0142zy<\/strong>.<\/p>\t\t\t\t\t\t\t\t<\/div>\n\t\t\t\t<div class=\"elementor-element elementor-element-49bca18 elementor-widget elementor-widget-text-editor\" data-id=\"49bca18\" data-element_type=\"widget\" data-e-type=\"widget\" data-widget_type=\"text-editor.default\">\n\t\t\t\t\t\t\t\t\t<p>By\u0142a te\u017c druga strona tych relacji: Muminki, kt\u00f3re wpatrzone by\u0142y w Ojca Tadeusza, jak w obrazek i Paszczaki, opiekunowie Mumink\u00f3w, dla kt\u00f3rych Ojciec by\u0142 wychowawc\u0105, nauczycielem i przyjacielem: By\u0142 przez wiele lat duszpasterzem i kapelanem Mumink\u00f3w na samym pocz\u0105tku tworzenia si\u0119 wsp\u00f3lnot Wiary i \u015awiat\u0142a w Krakowie. Pan B\u00f3g jeden wie, jak opatrzno\u015bciowa by\u0142a jego obecno\u015b\u0107 w\u015br\u00f3d nas, kim by\u0142 dla poranionych rodzic\u00f3w dzieci niepe\u0142nosprawnych, kim by\u0142 dla Paszczak\u00f3w \u2013 opiekun\u00f3w i wreszcie dla samych os\u00f3b z niepe\u0142nosprawno\u015bci\u0105. A jak nie wspomnie\u0107 tych wszystkich oboz\u00f3w, wycieczek, wsp\u00f3lnych modlitw, nocnych rozm\u00f3w na powa\u017cne tematy i te mniej powa\u017cne te\u017c\u2026 Z pewno\u015bci\u0105 mo\u017cna by napisa\u0107 grub\u0105 ksi\u0119g\u0119 na ten temat\u2026<\/p>\t\t\t\t\t\t\t\t<\/div>\n\t\t\t\t<div class=\"elementor-element elementor-element-ab39835 uppercase elementor-widget elementor-widget-heading\" data-id=\"ab39835\" data-element_type=\"widget\" data-e-type=\"widget\" data-widget_type=\"heading.default\">\n\t\t\t\t\t<h2 class=\"elementor-heading-title elementor-size-default\">Odnowa Apostolstwa Modlitwy<\/h2>\t\t\t\t<\/div>\n\t\t\t\t<div class=\"elementor-element elementor-element-60d6336 elementor-widget elementor-widget-text-editor\" data-id=\"60d6336\" data-element_type=\"widget\" data-e-type=\"widget\" data-widget_type=\"text-editor.default\">\n\t\t\t\t\t\t\t\t\t<p>W 1985 roku ksi\u0105dz Kiersztyn zosta\u0142 mianowany Krajowym Sekretarzem Apostolstwa Modlitwy. Nie by\u0142o to \u0142atwe zadanie, bowiem Apostolstwo Modlitwy dekretem w\u0142adz komunistycznych zosta\u0142o w roku 1949 zdelegalizowane i trzeba by\u0142o na nawo je reaktywowa\u0107, dostosowuj\u0105c jego formy i praktyki pobo\u017cno\u015bciowe do wymog\u00f3w wsp\u00f3\u0142czesnego Ko\u015bcio\u0142a i potrzeb wiernych. Z ogromn\u0105 \u017carliwo\u015bci\u0105 ksi\u0105dz Tadeusz podj\u0105\u0142 si\u0119 tego zadania, gdy\u017c formacja duchowa \u015bwieckich by\u0142a szczeg\u00f3lnie bliska jego sercu. Opracowa\u0142 program formacyjny prowadz\u0105cy do rozbudzenia, poznania i rozwini\u0119cia sfer, kt\u00f3re okre\u015blamy mianem \u017cycia wewn\u0119trznego lub \u017cycia duchowego cz\u0142owieka. By\u0142 autorem licznych opracowa\u0144 i materia\u0142\u00f3w formacyjnych, prowadzi\u0142 rekolekcje, kierownictwo duchowe, g\u0142osi\u0142 kazania itp. Podj\u0105\u0142 tak\u017ce prac\u0119 przy redagowaniu \u201ePos\u0142a\u0144ca Serca Jezusowego\u201d, aby ten miesi\u0119cznik na powr\u00f3t sta\u0142 si\u0119 organem Apostolstwa Modlitwy i narz\u0119dziem formowania jego cz\u0142onk\u00f3w.<\/p>\t\t\t\t\t\t\t\t<\/div>\n\t\t\t\t<div class=\"elementor-element elementor-element-1eb69d4 elementor-widget elementor-widget-text-editor\" data-id=\"1eb69d4\" data-element_type=\"widget\" data-e-type=\"widget\" data-widget_type=\"text-editor.default\">\n\t\t\t\t\t\t\t\t\t<p>Szczeg\u00f3lne miejsce w sercu ksi\u0119dza Tadeusza by\u0142o zarezerwowane dla dzieci i m\u0142odzie\u017cy, kt\u00f3rych formacj\u0105 zaj\u0105\u0142 si\u0119 z wielk\u0105 rado\u015bci\u0105 i nadziej\u0105, \u017ce przyniesie ona pozytywne skutki nie tylko dla nich samych, ale tak\u017ce dla przysz\u0142o\u015bci ca\u0142ego Narodu: Dzisiejszy \u015bwiat zafascynowany technik\u0105 oskar\u017ca Boga o milczenie \u2013 nieobecno\u015b\u0107. Tymczasem B\u00f3g wzywa cz\u0142owieka, aby Go szuka\u0142 i znalaz\u0142 za cen\u0119 ciszy, na modlitwie, zag\u0142\u0119biaj\u0105c si\u0119 w \u015bwiat Ducha. M\u00f3wi si\u0119 og\u00f3lnie, \u017ce znale\u017a\u0107 Boga, to znale\u017a\u0107 wszystko: siebie, w\u0142asne \u017cycie, szcz\u0119\u015bcie\u2026 Pod warunkiem wej\u015bcia na drog\u0119 wiary. Trzeba wielkiego samozaparcia i wytrwa\u0142o\u015bci, by pokona\u0107 trudy tej drogi, ale przecie\u017c rzeczy trudne najmocniej poci\u0105gaj\u0105 ludzi m\u0142odych.<\/p>\t\t\t\t\t\t\t\t<\/div>\n\t\t\t\t<\/div>\n\t\t<div class=\"elementor-element elementor-element-33d5f68 e-con-full e-flex e-con e-child\" data-id=\"33d5f68\" data-element_type=\"container\" data-e-type=\"container\">\n\t\t\t\t<div class=\"elementor-element elementor-element-2d28fba elementor-widget elementor-widget-image\" data-id=\"2d28fba\" data-element_type=\"widget\" data-e-type=\"widget\" data-widget_type=\"image.default\">\n\t\t\t\t\t\t\t\t\t\t\t\t\t\t\t<img fetchpriority=\"high\" decoding=\"async\" width=\"374\" height=\"522\" src=\"https:\/\/fundacjasercajezusa.pl\/wp-content\/uploads\/2026\/03\/image-24.jpg\" class=\"attachment-large size-large wp-image-744\" alt=\"\" srcset=\"https:\/\/fundacjasercajezusa.pl\/wp-content\/uploads\/2026\/03\/image-24.jpg 374w, https:\/\/fundacjasercajezusa.pl\/wp-content\/uploads\/2026\/03\/image-24-215x300.jpg 215w\" sizes=\"(max-width: 374px) 100vw, 374px\" \/>\t\t\t\t\t\t\t\t\t\t\t\t\t\t\t<\/div>\n\t\t\t\t<div class=\"elementor-element elementor-element-39eadd6 elementor-widget elementor-widget-image\" data-id=\"39eadd6\" data-element_type=\"widget\" data-e-type=\"widget\" data-widget_type=\"image.default\">\n\t\t\t\t\t\t\t\t\t\t\t\t\t\t\t<img decoding=\"async\" width=\"374\" height=\"303\" src=\"https:\/\/fundacjasercajezusa.pl\/wp-content\/uploads\/2026\/03\/image-26.jpg\" class=\"attachment-large size-large wp-image-745\" alt=\"\" srcset=\"https:\/\/fundacjasercajezusa.pl\/wp-content\/uploads\/2026\/03\/image-26.jpg 374w, https:\/\/fundacjasercajezusa.pl\/wp-content\/uploads\/2026\/03\/image-26-300x243.jpg 300w\" sizes=\"(max-width: 374px) 100vw, 374px\" \/>\t\t\t\t\t\t\t\t\t\t\t\t\t\t\t<\/div>\n\t\t\t\t<div class=\"elementor-element elementor-element-c1f2740 elementor-widget elementor-widget-image\" data-id=\"c1f2740\" data-element_type=\"widget\" data-e-type=\"widget\" data-widget_type=\"image.default\">\n\t\t\t\t\t\t\t\t\t\t\t\t\t\t\t<img decoding=\"async\" width=\"372\" height=\"503\" src=\"https:\/\/fundacjasercajezusa.pl\/wp-content\/uploads\/2026\/03\/image-28.jpg\" class=\"attachment-large size-large wp-image-746\" alt=\"\" srcset=\"https:\/\/fundacjasercajezusa.pl\/wp-content\/uploads\/2026\/03\/image-28.jpg 372w, https:\/\/fundacjasercajezusa.pl\/wp-content\/uploads\/2026\/03\/image-28-222x300.jpg 222w\" sizes=\"(max-width: 372px) 100vw, 372px\" \/>\t\t\t\t\t\t\t\t\t\t\t\t\t\t\t<\/div>\n\t\t\t\t<div class=\"elementor-element elementor-element-d720c13 elementor-widget elementor-widget-image\" data-id=\"d720c13\" data-element_type=\"widget\" data-e-type=\"widget\" data-widget_type=\"image.default\">\n\t\t\t\t\t\t\t\t\t\t\t\t\t\t\t<img loading=\"lazy\" decoding=\"async\" width=\"372\" height=\"477\" src=\"https:\/\/fundacjasercajezusa.pl\/wp-content\/uploads\/2026\/03\/image-32.jpg\" class=\"attachment-large size-large wp-image-747\" alt=\"\" srcset=\"https:\/\/fundacjasercajezusa.pl\/wp-content\/uploads\/2026\/03\/image-32.jpg 372w, https:\/\/fundacjasercajezusa.pl\/wp-content\/uploads\/2026\/03\/image-32-234x300.jpg 234w\" sizes=\"(max-width: 372px) 100vw, 372px\" \/>\t\t\t\t\t\t\t\t\t\t\t\t\t\t\t<\/div>\n\t\t\t\t<\/div>\n\t\t\t\t\t<\/div>\n\t\t\t\t<\/div>\n\t\t<div class=\"elementor-element elementor-element-11ff179 e-flex e-con-boxed e-con e-parent\" data-id=\"11ff179\" data-element_type=\"container\" data-e-type=\"container\">\n\t\t\t\t\t<div class=\"e-con-inner\">\n\t\t<div class=\"elementor-element elementor-element-65c897e e-con-full e-flex e-con e-child\" data-id=\"65c897e\" data-element_type=\"container\" data-e-type=\"container\">\n\t\t\t\t<div class=\"elementor-element elementor-element-b6e0676 elementor-widget elementor-widget-image\" data-id=\"b6e0676\" data-element_type=\"widget\" data-e-type=\"widget\" data-widget_type=\"image.default\">\n\t\t\t\t\t\t\t\t\t\t\t\t\t\t\t<img loading=\"lazy\" decoding=\"async\" width=\"364\" height=\"263\" src=\"https:\/\/fundacjasercajezusa.pl\/wp-content\/uploads\/2026\/03\/image-34.jpg\" class=\"attachment-large size-large wp-image-731\" alt=\"\" srcset=\"https:\/\/fundacjasercajezusa.pl\/wp-content\/uploads\/2026\/03\/image-34.jpg 364w, https:\/\/fundacjasercajezusa.pl\/wp-content\/uploads\/2026\/03\/image-34-300x217.jpg 300w\" sizes=\"(max-width: 364px) 100vw, 364px\" \/>\t\t\t\t\t\t\t\t\t\t\t\t\t\t\t<\/div>\n\t\t\t\t<\/div>\n\t\t<div class=\"elementor-element elementor-element-eb2a282 e-con-full e-flex e-con e-child\" data-id=\"eb2a282\" data-element_type=\"container\" data-e-type=\"container\">\n\t\t\t\t<div class=\"elementor-element elementor-element-a6de8f0 elementor-widget elementor-widget-image\" data-id=\"a6de8f0\" data-element_type=\"widget\" data-e-type=\"widget\" data-widget_type=\"image.default\">\n\t\t\t\t\t\t\t\t\t\t\t\t\t\t\t<img loading=\"lazy\" decoding=\"async\" width=\"379\" height=\"262\" src=\"https:\/\/fundacjasercajezusa.pl\/wp-content\/uploads\/2026\/03\/image-35.jpg\" class=\"attachment-large size-large wp-image-732\" alt=\"\" srcset=\"https:\/\/fundacjasercajezusa.pl\/wp-content\/uploads\/2026\/03\/image-35.jpg 379w, https:\/\/fundacjasercajezusa.pl\/wp-content\/uploads\/2026\/03\/image-35-300x207.jpg 300w\" sizes=\"(max-width: 379px) 100vw, 379px\" \/>\t\t\t\t\t\t\t\t\t\t\t\t\t\t\t<\/div>\n\t\t\t\t<\/div>\n\t\t<div class=\"elementor-element elementor-element-5bccc75 e-con-full e-flex e-con e-child\" data-id=\"5bccc75\" data-element_type=\"container\" data-e-type=\"container\">\n\t\t\t\t<div class=\"elementor-element elementor-element-ba3468b elementor-widget elementor-widget-image\" data-id=\"ba3468b\" data-element_type=\"widget\" data-e-type=\"widget\" data-widget_type=\"image.default\">\n\t\t\t\t\t\t\t\t\t\t\t\t\t\t\t<img loading=\"lazy\" decoding=\"async\" width=\"372\" height=\"263\" src=\"https:\/\/fundacjasercajezusa.pl\/wp-content\/uploads\/2026\/03\/image-36.jpg\" class=\"attachment-large size-large wp-image-733\" alt=\"\" srcset=\"https:\/\/fundacjasercajezusa.pl\/wp-content\/uploads\/2026\/03\/image-36.jpg 372w, https:\/\/fundacjasercajezusa.pl\/wp-content\/uploads\/2026\/03\/image-36-300x212.jpg 300w\" sizes=\"(max-width: 372px) 100vw, 372px\" \/>\t\t\t\t\t\t\t\t\t\t\t\t\t\t\t<\/div>\n\t\t\t\t<\/div>\n\t\t\t\t\t<\/div>\n\t\t\t\t<\/div>\n\t\t<div class=\"elementor-element elementor-element-c76e743 e-flex e-con-boxed e-con e-parent\" data-id=\"c76e743\" data-element_type=\"container\" data-e-type=\"container\">\n\t\t\t\t\t<div class=\"e-con-inner\">\n\t\t\t\t<div class=\"elementor-element elementor-element-3471c27 elementor-widget elementor-widget-text-editor\" data-id=\"3471c27\" data-element_type=\"widget\" data-e-type=\"widget\" data-widget_type=\"text-editor.default\">\n\t\t\t\t\t\t\t\t\t<p>Pragn\u0105\u0142 tych najm\u0142odszych i tych troch\u0119 starszych nauczy\u0107 si\u0119 modli\u0107, tzn. spotyka\u0107 si\u0119 rozmawia\u0107 z Bogiem: Prawdziwa modlitwa jest wspania\u0142\u0105 przygod\u0105, pasjonuj\u0105c\u0105 sztuk\u0105, dzi\u0119ki kt\u00f3rej cz\u0142owiek odkrywa nieznany, duchowy \u015bwiat \u2013 miejsce spotkania z Bogiem \u2013 inny, pi\u0119kniejszy od tego, kt\u00f3ry postrzega zmys\u0142ami. Wielu ludzi m\u0142odych gor\u0105co pragnie zbada\u0107 ten nieznany kontynent w\u0142asnego wn\u0119trza, a my chcemy im pom\u00f3c. Rekolekcje dla dzieci i m\u0142odzie\u017cy \u0142\u0105czy\u0142 ze wsp\u00f3ln\u0105 zabaw\u0105, w kt\u00f3rej sam ch\u0119tnie bra\u0142 udzia\u0142, by\u0142 bowiem cz\u0142owiekiem otwartym, kontaktowym, bardzo wra\u017cliwym na potrzeby najs\u0142abszych, zw\u0142aszcza potrzeby duchowe, cho\u0107 i tych materialnych te\u017c nie zaniedbywa\u0142.<\/p><p>W latach 1992-1994 w O\u015brodku w Szczyglicach prowadzone by\u0142y seminaria pt.\u00a0Chrze\u015bcijanin w \u015bwiecie, by pom\u00f3c m\u0142odym ludziom wej\u015b\u0107 w otaczaj\u0105c\u0105 ich rzeczywisto\u015b\u0107 z m\u0105dro\u015bci\u0105 i wiar\u0105. W tym celu na spotkania te zapraszano prelegent\u00f3w, kt\u00f3rzy mogli i chcieli podzieli\u0107 si\u0119 z innymi swoim do\u015bwiadczeniem, m\u0105dro\u015bci\u0105, wiedz\u0105\u2026<\/p><p>Nowatorskie spojrzenie ksi\u0119dza Tadeusza na Apostolstwo Modlitwy wzbudzi\u0142o zainteresowanie w\u015br\u00f3d prze\u0142o\u017conych. W 1993 roku w Cz\u0119stochowie odby\u0142 si\u0119 Europejski Zjazd Sekretarzy Apostolstwa Modlitwy, kt\u00f3rzy z zainteresowaniem ws\u0142uchiwali si\u0119 w pomys\u0142y i refleksje ksi\u0119dza Tadeusza na temat pracy duszpasterskiej; odwiedzili r\u00f3wnie\u017c O\u015brodek w Szczyglicach, gdzie m.in. prowadzono rekolekcje dla cz\u0142onk\u00f3w tego ruchu. Ojciec John Vessels, jezuita, odpowiedzialny za rozw\u00f3j AM w \u015bwiecie, by\u0142 cz\u0119stym go\u015bciem w O\u015brodku w Szczyglicach, w li\u015bcie do ksi\u0119dza Tadeusza pisa\u0142:\u00a0<strong>W czasie naszych spotka\u0144 w Krakowie i Cz\u0119stochowie by\u0142o bardzo wiele wznios\u0142ych moment\u00f3w. Najbardziej wzruszaj\u0105cy by\u0142 dla mnie dzie\u0144 sp\u0119dzony z lud\u017ami \u015bwieckimi i Wsp\u00f3lnot\u0105 \u015bw. Klaudiusza w Domu Rekolekcyjnym AM. By\u0142o dok\u0142adnie tak, jak pragn\u0105\u0142em, aby by\u0142o. Sekretarze do\u015bwiadczyli w tym spotkaniu owoc\u00f3w programu formacyjnego opracowanego przez Ojca i Wsp\u00f3lnot\u0119. Wydaje mi si\u0119, \u017ce ka\u017cdy by\u0142 g\u0142\u0119boko przej\u0119ty tym wydarzeniem i wielu nab\u0119dzie nowego spojrzenia na prac\u0119, jak\u0105 Apostolstwo Modlitwy mo\u017ce i powinno podj\u0105\u0107<\/strong>.<\/p>\t\t\t\t\t\t\t\t<\/div>\n\t\t\t\t<div class=\"elementor-element elementor-element-ff44704 elementor-widget elementor-widget-text-editor\" data-id=\"ff44704\" data-element_type=\"widget\" data-e-type=\"widget\" data-widget_type=\"text-editor.default\">\n\t\t\t\t\t\t\t\t\t<p>W maju 1992 roku Apostolstwo Modlitwy z Polski pielgrzymowa\u0142o do Rzymu na kanonizacj\u0119 o. Klaudiusza la Colombi\u00e8re SJ \u2013 \u015bwi\u0119tego, kt\u00f3rego za\u0142o\u017cona przez ksi\u0119dza Tadeusza Kiersztyna Wsp\u00f3lnota obra\u0142a sobie na patrona: Pielgrzymk\u0119 zorganizowa\u0142 Krajowy Sekretariat AM przy wsp\u00f3\u0142udziale Fundacji Serca Jezusa. Uczestniczy\u0142y w niej po dwie, trzy osoby z poszczeg\u00f3lnych o\u015brodk\u00f3w AM:\u00a0<strong>Polsk\u0105 grup\u0119 pielgrzym\u00f3w AM spotka\u0142o niema\u0142e wyr\u00f3\u017cnienie. Po Mszy \u015bw. tylko do nas podszed\u0142 Ojciec Genera\u0142 (genera\u0142 jezuit\u00f3w Peter-Hans Kolvenbach<\/strong>.<\/p>\t\t\t\t\t\t\t\t<\/div>\n\t\t\t\t\t<\/div>\n\t\t\t\t<\/div>\n\t\t<div class=\"elementor-element elementor-element-4374562 e-flex e-con-boxed e-con e-parent\" data-id=\"4374562\" data-element_type=\"container\" data-e-type=\"container\">\n\t\t\t\t\t<div class=\"e-con-inner\">\n\t\t<div class=\"elementor-element elementor-element-6485420 e-con-full e-flex e-con e-child\" data-id=\"6485420\" data-element_type=\"container\" data-e-type=\"container\">\n\t\t\t\t<div class=\"elementor-element elementor-element-bde37f5 elementor-widget elementor-widget-image\" data-id=\"bde37f5\" data-element_type=\"widget\" data-e-type=\"widget\" data-widget_type=\"image.default\">\n\t\t\t\t\t\t\t\t\t\t\t\t\t\t\t<img loading=\"lazy\" decoding=\"async\" width=\"577\" height=\"397\" src=\"https:\/\/fundacjasercajezusa.pl\/wp-content\/uploads\/2026\/03\/image-37.jpg\" class=\"attachment-full size-full wp-image-734\" alt=\"\" srcset=\"https:\/\/fundacjasercajezusa.pl\/wp-content\/uploads\/2026\/03\/image-37.jpg 577w, https:\/\/fundacjasercajezusa.pl\/wp-content\/uploads\/2026\/03\/image-37-300x206.jpg 300w\" sizes=\"(max-width: 577px) 100vw, 577px\" \/>\t\t\t\t\t\t\t\t\t\t\t\t\t\t\t<\/div>\n\t\t\t\t<\/div>\n\t\t<div class=\"elementor-element elementor-element-088b2ff e-con-full e-flex e-con e-child\" data-id=\"088b2ff\" data-element_type=\"container\" data-e-type=\"container\">\n\t\t\t\t<div class=\"elementor-element elementor-element-bbe918b elementor-widget elementor-widget-image\" data-id=\"bbe918b\" data-element_type=\"widget\" data-e-type=\"widget\" data-widget_type=\"image.default\">\n\t\t\t\t\t\t\t\t\t\t\t\t\t\t\t<img loading=\"lazy\" decoding=\"async\" width=\"587\" height=\"397\" src=\"https:\/\/fundacjasercajezusa.pl\/wp-content\/uploads\/2026\/03\/image-38.jpg\" class=\"attachment-full size-full wp-image-735\" alt=\"\" srcset=\"https:\/\/fundacjasercajezusa.pl\/wp-content\/uploads\/2026\/03\/image-38.jpg 587w, https:\/\/fundacjasercajezusa.pl\/wp-content\/uploads\/2026\/03\/image-38-300x203.jpg 300w\" sizes=\"(max-width: 587px) 100vw, 587px\" \/>\t\t\t\t\t\t\t\t\t\t\t\t\t\t\t<\/div>\n\t\t\t\t<\/div>\n\t\t\t\t\t<\/div>\n\t\t\t\t<\/div>\n\t\t<div class=\"elementor-element elementor-element-d6e8633 e-flex e-con-boxed e-con e-parent\" data-id=\"d6e8633\" data-element_type=\"container\" data-e-type=\"container\">\n\t\t\t\t\t<div class=\"e-con-inner\">\n\t\t<div class=\"elementor-element elementor-element-05dfc27 e-con-full e-flex e-con e-child\" data-id=\"05dfc27\" data-element_type=\"container\" data-e-type=\"container\">\n\t\t\t\t<div class=\"elementor-element elementor-element-456aac2 elementor-widget elementor-widget-text-editor\" data-id=\"456aac2\" data-element_type=\"widget\" data-e-type=\"widget\" data-widget_type=\"text-editor.default\">\n\t\t\t\t\t\t\t\t\t<p><strong>(\u2026) W tym dniu kanonizacji spotka\u0142a nas jeszcze jedna wielka \u0142aska. Wieczorem stan\u0119li\u015bmy na audiencji prywatnej przed Ojcem \u015bw.(\u2026) Ojciec \u015bw. wzi\u0105\u0142 z powag\u0105 ofiarowan\u0105 Mu \u015bwiec\u0119 z naszym has\u0142em: Kocha\u0107 i s\u0142u\u017cy\u0107. Powiedzia\u0142 kr\u00f3tko: Oby jak najwi\u0119cej podobnych \u015bwiec p\u0142on\u0119\u0142o w Polsce i oby jak najwi\u0119cej ludzi w ich blasku jednoczy\u0142o si\u0119 na modlitwie. (\u2026) Nast\u0119pnie przyj\u0105\u0142 i pob\u0142ogos\u0142awi\u0142 ksi\u0105\u017ceczk\u0119 Droga Wiary \u2014 zawieraj\u0105c\u0105 podstawowe materia\u0142y formacyjne AM, w oparciu o kt\u00f3re propaguje si\u0119 w Polsce duchowe idee AM<\/strong>. Autorem ksi\u0105\u017ceczki Droga Wiary by\u0142 w\u0142a\u015bnie ksi\u0105dz Tadeusz.<br \/><br \/>Jako Krajowy Sekretarz Apostolstwa Modlitwy ksi\u0105dz Kiersztyn zainicjowa\u0142 r\u00f3wnie\u017c pierwszopi\u0105tkowe czuwania nocne w Bazylice Naj\u015bwi\u0119tszego Serca Jezusa w Krakowie, kt\u00f3re trwaj\u0105 do dzi\u015b. Pierwsze takie spotkanie modlitewne odby\u0142o si\u0119 w nocy 4\/5 grudnia 1992 roku. Ksi\u0105dz Tadeusz zawsze stawia\u0142 na modlitw\u0119 i trwanie przed Naj\u015bwi\u0119tszym Sakramentem: Postanowili\u015bmy stawa\u0107 tam wsp\u00f3lnie przed Panem, w nocy z pierwszego pi\u0105tku na sobot\u0119 ka\u017cdego miesi\u0105ca, by kocha\u0107, wynagradza\u0107, adorowa\u0107 i w ten spos\u00f3b przyczynia\u0107 si\u0119, by Mi\u0142o\u015b\u0107 i Prawda na nowo by\u0142y obecne w sercach Polak\u00f3w (naszych wsp\u00f3\u0142rodak\u00f3w). Mo\u017ce modlitw\u0105 nasz\u0105 cho\u0107 troch\u0119 z\u0142agodzimy smutek zadany na Krzy\u017cu Sercu Boga i pomna\u017cany wrogo\u015bci\u0105 Jego przeciwnik\u00f3w czasu obecnego.<br \/><br \/>Dnia 8 grudnia 1989 roku ksi\u0105dz Tadeusz z\u0142o\u017cy\u0142 czwarte, ostatnie \u015bluby zakonne, zostaj\u0105c profesem Towarzystwa Jezusowego.<\/p>\t\t\t\t\t\t\t\t<\/div>\n\t\t\t\t<div class=\"elementor-element elementor-element-774cc87 uppercase elementor-widget elementor-widget-heading\" data-id=\"774cc87\" data-element_type=\"widget\" data-e-type=\"widget\" data-widget_type=\"heading.default\">\n\t\t\t\t\t<h2 class=\"elementor-heading-title elementor-size-default\">Za\u0142o\u017cyciel i opiekun Wsp\u00f3lnoty<\/h2>\t\t\t\t<\/div>\n\t\t\t\t<div class=\"elementor-element elementor-element-f039ee6 elementor-widget elementor-widget-text-editor\" data-id=\"f039ee6\" data-element_type=\"widget\" data-e-type=\"widget\" data-widget_type=\"text-editor.default\">\n\t\t\t\t\t\t\t\t\t<p>Dwa lata wcze\u015bniej \u2013 w 1987 roku \u2013 za\u0142o\u017cy\u0142 O\u015brodek Formacyjno-Rekolekcyjny w Szczyglicach pod Krakowem, b\u0119d\u0105c jednocze\u015bnie za\u0142o\u017cycielem i opiekunem duchowym powsta\u0142ej i zamieszka\u0142ej tam Wsp\u00f3lnoty \u015bw. Klaudiusza.<br \/><br \/>Gdy powstawa\u0142 Dom w Szczyglicach, ksi\u0105dz Tadeusz nie zdawa\u0142 sobie jeszcze sprawy, jak wa\u017cn\u0105 rol\u0119 to miejsce odegra w jego dalszym \u017cyciu i dalszej s\u0142u\u017cbie Jezusowi, cho\u0107 z pewno\u015bci\u0105 wi\u0105za\u0142 sporo plan\u00f3w i nadziei zar\u00f3wno ze Wsp\u00f3lnot\u0105, jak i tym miejscem.<\/p>\t\t\t\t\t\t\t\t<\/div>\n\t\t\t\t<div class=\"elementor-element elementor-element-60dabe2 elementor-widget elementor-widget-text-editor\" data-id=\"60dabe2\" data-element_type=\"widget\" data-e-type=\"widget\" data-widget_type=\"text-editor.default\">\n\t\t\t\t\t\t\t\t\t<p>W roku 1990 powsta\u0142a Fundacja Serca Jezusa, kt\u00f3rej inicjatorem i jednym z fundator\u00f3w by\u0142 ksi\u0105dz Tadeusz, a kt\u00f3ra odegra\u0142a kluczow\u0105 rol\u0119, gdy ks. Tadeusz w 1996 roku bezpo\u015brednio zapozna\u0142 si\u0119 z misj\u0105 Rozalii Celak\u00f3wny: Jest regu\u0142\u0105, \u017ce ludzie, kt\u00f3rzy w swym sercu odkrywaj\u0105 pragnienia s\u0142u\u017cenia wsp\u00f3lnej idei, pragnienie wsp\u00f3lnego dzia\u0142ania, organizuj\u0105 si\u0119 w stowarzyszeniach, zwi\u0105zkach i\u2026 rozpoczynaj\u0105 dzia\u0142alno\u015b\u0107. Ale nie zawsze tak si\u0119 dzieje. Dlaczego? Poniewa\u017c Duch \u015awi\u0119ty nie podlega regu\u0142om i schematom ustalonym przez ludzi. On wieje, k\u0119dy chce i jak chce, i prowadzi w spos\u00f3b zaskakuj\u0105cy do powstania nowych dzie\u0142 w Ko\u015bciele. Do takich nale\u017cy bez w\u0105tpienia: Fundacja Serca Jezusa. Tu wszystko by\u0142o inaczej, niejako od ko\u0144ca (\u2026).<\/p><p>Redaktor \u201ePos\u0142a\u0144ca Serca Jezusowego\u201d<br \/>W latach 1993-1998 ksi\u0105dz Kiersztyn by\u0142 redaktorem naczelnym \u201ePos\u0142a\u0144ca Serca Jezusowego\u201d, kt\u00f3ry na nowo sta\u0142 si\u0119 organem i narz\u0119dziem formacyjnym Apostolstwa Modlitwy. Spod jego pi\u00f3ra wychodzi\u0142y liczne teksty, \u015bwiadcz\u0105ce, jak doskona\u0142ym by\u0142 obserwatorem rzeczywisto\u015bci i jak trafnie potrafi\u0142 j\u0105 oceni\u0107. Te teksty pokazuj\u0105 te\u017c, jak Pan B\u00f3g przygotowywa\u0142 swego s\u0142ug\u0119 do prowadzenia dzie\u0142a tak niezwyk\u0142ego i trudnego.<\/p><p>Spotkanie z Rozali\u0105<\/p><p>Umys\u0142 i serce ksi\u0119dza Tadeusza otwarte na sprawy Bo\u017ce, sprawy Ko\u015bcio\u0142a i Ojczyzny. Taka postawa dawa\u0142a Bogu gwarancj\u0119, \u017ce Jego \u201ewybrany\u201d ma odpowiednie cechy i cnoty, aby prawid\u0142owo odczyta\u0107 wezwanie Boga skierowane do naszego Narodu za po\u015brednictwem Rozalii Celak\u00f3wny i broni\u0107 tej prawdy tak\u017ce za cen\u0119 cierpienia i ofiary, dlatego B\u00f3g powierzy\u0142 mu wielkie dzie\u0142o, jakim jest Intronizacja Jezusa Kr\u00f3la w naszym Narodzie.<br \/><strong>(\u2026) Mo\u017cna poprawia\u0107 prawa. Z lud\u017ami sprawa jest o wiele trudniejsza, gdy\u017c ich chcenie lub niechcenie przes\u0105dza skutki. Jednak\u017ce w jednym i drugim przypadku s\u0105 to procesy wymagaj\u0105ce d\u0142ugiego czasu.<\/strong><br \/><strong>Czy Polska ma ten czas? Czy nasz nar\u00f3d nie domaga si\u0119 radykalnych zmian, trac\u0105c z dnia na dzie\u0144 cierpliwo\u015b\u0107?<\/strong><\/p><p><strong>Wielu ludzi w Polsce widzi mo\u017cliwo\u015b\u0107 radykalnego wyj\u015bcia z tego impasu. W\u0142adz\u0119 w Polsce trzeba powierzy\u0107 w kr\u00f3lewskie d\u0142onie Jezusa Chrystusa. B\u00f3g w osobie swego Syna da\u0142 \u015bwiatu Kr\u00f3la. W\u0142adza Jego nie jest iluzoryczna. Jest wszechpot\u0119\u017cna moc\u0105 samego Boga. By jednak nad narodem zosta\u0142a rozci\u0105gni\u0119ta, nar\u00f3d musi sam obra\u0107 Jezusa Chrystusa na swego Kr\u00f3la.(\u2026) Z tego wzgl\u0119du przekazania Jemu w\u0142adzy nad naszym narodem powinna dokona\u0107 r\u00f3wnie\u017c w\u0142adza pa\u0144stwowa. Uznanie Pana Jezusa za Kr\u00f3la dokonuje si\u0119 przez akt intronizacji. Czy nie mamy prawa \u2014 my, nar\u00f3d chrze\u015bcija\u0144ski \u2014 domaga\u0107 si\u0119, by tego aktu dokona\u0142y wsp\u00f3lnie w\u0142adze pa\u0144stwowa i ko\u015bcielna? (\u2026) Tylko pod rz\u0105dami Chrystusa Kr\u00f3la mi\u0142o\u015b\u0107 mo\u017ce zwyci\u0119\u017cy\u0107 i przed narodem nie ma innej przysz\u0142o\u015bci, jak to zwyci\u0119stwo. Nie mo\u017cna zarazem mniema\u0107, \u017ce na skutek aktu intronizacji Chrystus sam zst\u0105pi\u0142by z nieba, by sta\u0107 si\u0119 g\u0142ow\u0105 naszego pa\u0144stwa. Jego panowanie wype\u0142nia si\u0119 w spos\u00f3b duchowy, a zostaje zmaterializowane w sferze doczesno\u015bci przez ludzi Boga uznaj\u0105cych i Jemu pos\u0142usznych. Wszystko jednak zaczyna si\u0119 od \u015bwiadomego i dobrowolnego aktu intronizacji, dokonanego przez tych, kt\u00f3rzy za Ojczyzn\u0119 s\u0105 odpowiedzialni.<\/strong><br \/><strong>Narodzie Polski, masz prawo dokona\u0107 wyboru i nie daj si\u0119 zwie\u015b\u0107!\u00a0(1996)<\/strong>.<\/p><p>Ostatni z przytoczonych tekst\u00f3w pochodzi z roku 1996. Ten w\u0142a\u015bnie rok by\u0142 prze\u0142omowy w \u017cyciu ksi\u0119dza Kiersztyna. Ide\u0119, jaka si\u0119 w nim ukszta\u0142towa\u0142a, wida\u0107 ju\u017c wyra\u017anie we wspomnianym fragmencie. Pod wp\u0142ywem lektury pism duchowych Rozalii Celak\u00f3wny Pan B\u00f3g pozwoli\u0142 ksi\u0119dzu Tadeuszowi przewarto\u015bciowa\u0107 ca\u0142\u0105 dotychczas zdobyt\u0105 wiedz\u0119 (zar\u00f3wno teologiczn\u0105, jak i historyczn\u0105, spo\u0142eczn\u0105 i filozoficzn\u0105) i dostrzec znaczenie Jego kr\u00f3lewskiej godno\u015bci. Dog\u0142\u0119bnie zrozumia\u0142, \u017ce to\u00a0B\u00f3g kr\u00f3luje nad narodami\u00a0(Ps 47,9) i \u017ce\u00a0On jest jedynym W\u0142adc\u0105, Kr\u00f3lem kr\u00f3l\u00f3w i Panem panuj\u0105cych\u00a0(1Tm 6,15).<\/p>\t\t\t\t\t\t\t\t<\/div>\n\t\t\t\t<div class=\"elementor-element elementor-element-eee0e30 elementor-widget elementor-widget-text-editor\" data-id=\"eee0e30\" data-element_type=\"widget\" data-e-type=\"widget\" data-widget_type=\"text-editor.default\">\n\t\t\t\t\t\t\t\t\t<p>Ksi\u0105dz Tadeusz otrzyma\u0142 \u0142ask\u0119 poznania tego wielkiego zadania, odnalaz\u0142 w nim swoje powo\u0142anie. Zrozumia\u0142, \u017ce sam B\u00f3g wk\u0142ada w jego r\u0119ce kr\u00f3lewski sztandar, ale jeszcze nie zdawa\u0142 sobie sprawy, \u017ce b\u0119dzie musia\u0142 okupi\u0107 to wielkim cierpieniem:\u00a0Kiedy par\u0119 lat temu trafi\u0142a do mnie ksi\u0105\u017cka, jeszcze by\u0142a wtedy w maszynopisie, o Rozalii, wtedy jakby po raz drugi si\u0119 narodzi\u0142em <strong>(\u2026) Kiedy zacz\u0105\u0142em rozmy\u015bla\u0107 nad tymi dziwnymi zdaniami, \u017ce Jezus jest Kr\u00f3lem, \u017ce pragnie, aby Go Nar\u00f3d polski uzna\u0142 za Kr\u00f3la, nie rozumia\u0142em; tych rzeczy nie pojmowa\u0142em. Od\u0142o\u017cy\u0142em ksi\u0105\u017ck\u0119 na bok, ale ona wraca\u0142a. I wreszcie, kiedy zacz\u0105\u0142em rozumie\u0107 tajemnice Boga, zrozumia\u0142em, \u017ce moje \u017cycie by\u0142o tak dziwnie kierowane, tak ukierunkowane, abym t\u0105 spraw\u0105 si\u0119 zaj\u0105\u0142.<\/strong><br \/><br \/><strong>I wtedy, mo\u017cna powiedzie\u0107, \u017ce jakby drugi raz przestudiowa\u0142em teologi\u0119 i zrozumia\u0142em misj\u0119 Jezusa. Zrozumia\u0142em, tak dog\u0142\u0119bnie, \u017ce On po to przyszed\u0142, \u017ce zst\u0105pi\u0142 ze swej kr\u00f3lewskiej stolicy, ze swego \u015bwi\u0119tego tronu w niebie, aby zasi\u0105\u015b\u0107 na tronie wystawionym Mu przez cz\u0142owieka.<\/strong><br \/><strong>Przyszed\u0142 dobrowolnie, nie otoczony wojskiem, ale przyszed\u0142 otoczony mi\u0142o\u015bci\u0105. I zapragn\u0105\u0142, by zapanowa\u0107 nad nami, aby Jego prawo, prawo Kr\u00f3la obowi\u0105zywa\u0142o w ka\u017cdym sercu, w ka\u017cdym narodzie. Prawo mi\u0142o\u015bci. Wiemy, jak ludzie z Jezusem post\u0105pili, z Jezusem Kr\u00f3lem, jak zdradzili Jego Kr\u00f3lestwo. Ten dramat nigdy nie sko\u0144czy\u0142 si\u0119, a mo\u017cna powiedzie\u0107, \u017ce w naszych czasach jest jeszcze wi\u0119kszy<\/strong>.<\/p>\t\t\t\t\t\t\t\t<\/div>\n\t\t\t\t<div class=\"elementor-element elementor-element-effe781 uppercase elementor-widget elementor-widget-heading\" data-id=\"effe781\" data-element_type=\"widget\" data-e-type=\"widget\" data-widget_type=\"heading.default\">\n\t\t\t\t\t<h2 class=\"elementor-heading-title elementor-size-default\">Zmagania o Kr\u00f3lestwo Jezusa<\/h2>\t\t\t\t<\/div>\n\t\t\t\t<div class=\"elementor-element elementor-element-e987ef0 elementor-widget elementor-widget-text-editor\" data-id=\"e987ef0\" data-element_type=\"widget\" data-e-type=\"widget\" data-widget_type=\"text-editor.default\">\n\t\t\t\t\t\t\t\t\t<p>Wkr\u00f3tce nast\u0105pi\u0142a zapowied\u017a tych zmaga\u0144 o kr\u00f3lestwo Jezusa, gdy zakon jezuit\u00f3w odm\u00f3wi\u0142 wszcz\u0119cia procesu Rozalii. Lecz dzi\u0119ki staraniom ksi\u0119dza Tadeusza Kiersztyna i nieocenionej w nich pomocy ks. prof. Stefana Ry\u0142ki (delegat Kurii ds. kanonizacji) na Powoda w procesie powo\u0142ano Fundacj\u0119 Serca Jezusa i oficjalnie, uroczy\u015bcie otwarto w Kurii krakowskiej proces kanonizacyjny S.B. Rozalii Celak\u00f3wny: W dniu 5 listopada br. [1996 r.] odby\u0142a si\u0119 ceremonia otwarcia procesu kanonizacyjnego zmar\u0142ej w opinii \u015bwi\u0119to\u015bci Rozalii Celak\u00f3wny. <br \/><br \/>W obecno\u015bci licznie zgromadzonych duchownych, pracownik\u00f3w s\u0142u\u017cby zdrowia oraz przedstawicieli r\u00f3\u017cnych stowarzysze\u0144 religijnych Jego Eminencja Ks. Franciszek Kardyna\u0142 Macharski odebra\u0142 przysi\u0119g\u0119 od cz\u0142onk\u00f3w Trybuna\u0142u, ustanowionego dla przeprowadzenia dochodzenia kanonicznego na forum Archidiecezji Krakowskiej celem zbadania heroiczno\u015bci cn\u00f3t i wiarygodno\u015bci pos\u0142annictwa S\u0142u\u017cebnicy Bo\u017cej Rozalii Celak\u00f3wny (\u2026) Misja powierzona Rozalii przez Boga nie sko\u0144czy\u0142a si\u0119 z chwil\u0105 jej \u015bmierci, lecz nabiera coraz wi\u0119kszej aktualno\u015bci w naszych czasach. Wz\u00f3r jej \u017cycia oraz napomnienia, skierowane do Narodu Polskiego, wydaj\u0105 si\u0119 by\u0107 zachowane na nasze trudne czasy jako z dawna przygotowany przez Boga ratunek. Ksi\u0105dz Kiersztyn by\u0142 w procesie cz\u0142onkiem komisji teologicznej i wspiera\u0142 czynno\u015bci procesowe. Po\u015bwi\u0119ca\u0142 temu dzie\u0142u ca\u0142y sw\u00f3j wolny czas. Jednocze\u015bnie g\u0142osi\u0142 misj\u0119 Rozalii \u2013 wezwanie do uznania Pana Jezusa Kr\u00f3lem Polski przez w\u0142adze ko\u015bcielne i pa\u0144stwowe.<br \/><br \/>Rok 1996 to tak\u017ce rok, kt\u00f3ry mo\u017cna uzna\u0107 za pocz\u0105tek Dzie\u0142a Intronizacji Jezusa Kr\u00f3la Polski. By\u0142 to te\u017c pocz\u0105tek Golgoty kap\u0142ana, kt\u00f3rego B\u00f3g sobie upatrzy\u0142 na ofiar\u0119 za to dzie\u0142o.<br \/><br \/>Od otwarcia procesu rozpocz\u0105\u0142 si\u0119 szereg niezwyk\u0142ych i wa\u017cnych wydarze\u0144, kt\u00f3re zaskakiwa\u0142y nie tylko ksi\u0119dza Tadeusza, ale tak\u017ce jego wsp\u00f3\u0142pracownik\u00f3w z Fundacji Serca Jezusa i ze Wsp\u00f3lnoty \u015bw. Klaudiusza.<\/p>\t\t\t\t\t\t\t\t<\/div>\n\t\t\t\t<div class=\"elementor-element elementor-element-22b4bf3 uppercase elementor-widget elementor-widget-heading\" data-id=\"22b4bf3\" data-element_type=\"widget\" data-e-type=\"widget\" data-widget_type=\"heading.default\">\n\t\t\t\t\t<h2 class=\"elementor-heading-title elementor-size-default\">Wotum Narodu Polskiego<\/h2>\t\t\t\t<\/div>\n\t\t\t\t<div class=\"elementor-element elementor-element-8913fab elementor-widget elementor-widget-text-editor\" data-id=\"8913fab\" data-element_type=\"widget\" data-e-type=\"widget\" data-widget_type=\"text-editor.default\">\n\t\t\t\t\t\t\t\t\t<p>W nieca\u0142y miesi\u0105c po otwarciu procesu S.B. Rozalii Celak\u00f3wny ksi\u0105dz Kiersztyn doprowadzi\u0142 do ofiarowania Panu Jezusowi w Bazylice Serca Jezusa w Krakowie dzi\u0119kczynnego wotum \u2013 z\u0142otej korony, kt\u00f3ra powsta\u0142a z hojnej mi\u0142o\u015bci serc Polak\u00f3w jako wyraz uznania kr\u00f3lewskiej w\u0142adzy Jezusa nad ca\u0142\u0105 Polsk\u0105. Korona symbolizuje kr\u00f3lewsk\u0105 w\u0142adz\u0119 Pana Jezusa nad Polsk\u0105, a zarazem nawi\u0105zuje do mistycznych prze\u017cy\u0107 S\u0142u\u017cebnicy Bo\u017cej Rozalii Celak\u00f3wny, kt\u00f3ra modl\u0105c si\u0119 w tej\u017ce Bazylice wielokrotnie prze\u017cy\u0142a wizj\u0119, m\u00f3wi\u0105c\u0105 o tym, \u017ce kr\u00f3lowanie Jezusa, z woli Bo\u017cej, ma rozpocz\u0105\u0107 si\u0119 od Polski, by nast\u0119pnie obj\u0105\u0107 inne kraje \u015bwiata. Te tre\u015bci zosta\u0142y uj\u0119te przez artyst\u0119 w nast\u0119puj\u0105cy spos\u00f3b: Na opasce wspieraj\u0105 si\u0119 cztery polskie orty, kt\u00f3re, wznosz\u0105c swe skrzyd\u0142a ku g\u00f3rze, podtrzymuj\u0105 ziemski glob (kula wykonana z malachitu), zwie\u0144czony krzy\u017cem chwa\u0142y. Sama opaska ozdobiona zosta\u0142a bardzo wymownymi symbolami. D\u00f3\u0142 i g\u00f3r\u0119 opaski zdobi\u0105 ga\u0142\u0105zki krzewu ciernistego. Z tych ga\u0142\u0105zek cz\u0142owiek na znak szyderstwa z w\u0142adzy kr\u00f3lewskiej Jezusa upl\u00f3t\u0142 i w\u0142o\u017cy\u0142 niegdy\u015b na g\u0142ow\u0119 Zbawiciela koron\u0119 wzgardy. Duch zado\u015b\u0107uczynienia za tamt\u0105 zbrodni\u0119 sk\u0142ania dzi\u015b ludzi mi\u0142uj\u0105cych Boga do uznania Jego kr\u00f3lewskiej w\u0142adzy i wyra\u017cenia jej w symbolu innej korony. Dlatego korona z ciernia zostaje zamieniona na szlachetny kruszec, na koron\u0119 ze z\u0142ota, ofiarowan\u0105 ze czci\u0105 Mi\u0142o\u015bci. (\u2026) Po bokach, na kartuszach, pokrytych czerwon\u0105 emali\u0105, widniej\u0105 dwie greckie litery: alfa i omega (pocz\u0105tek i koniec). Oznaczaj\u0105 one w\u0142adz\u0119 bosk\u0105 Chrystusa, kt\u00f3ry jest pocz\u0105tkiem i ko\u0144cem naszego \u017cycia i ca\u0142ego \u015bwiata. Na wewn\u0119trznej stronie opaski umocowana zosta\u0142a z\u0142ota tabliczka z kr\u00f3tk\u0105 not\u0105: Staraniem Fundacji Serca Jezusa od Czcicieli Bo\u017cego Serca w imieniu S\u0142u\u017cebnicy Bo\u017cej Rozalii Celak\u00f3wny w dniu 24 listopada 1996 r. (W nawi\u0105zaniu do tego wydarzenia, w p\u00f3\u017aniejszym czasie niekt\u00f3re \u015brodowiska intronizacyjne b\u0142\u0119dnie odnosi\u0142y Intronizacj\u0119 do na\u0142o\u017cenia Panu Jezusowi korony).<\/p>\t\t\t\t\t\t\t\t<\/div>\n\t\t\t\t<div class=\"elementor-element elementor-element-717d790 elementor-widget elementor-widget-text-editor\" data-id=\"717d790\" data-element_type=\"widget\" data-e-type=\"widget\" data-widget_type=\"text-editor.default\">\n\t\t\t\t\t\t\t\t\t<p>Ksi\u0105dz Tadeusz zawsze wspomina\u0142 to wydarzenie z wielkim sentymentem. Mia\u0142 jednak\u017ce r\u00f3wnie\u017c \u015bwiadomo\u015b\u0107, \u017ce to w\u0142a\u015bnie by\u0142 ten moment, w kt\u00f3rym ujawni\u0142y si\u0119 ukryte dot\u0105d w zakonie jezuit\u00f3w i w Kurii krakowskiej si\u0142y liberalne, wrogo nastawione do idei panowania Boga w naszym Narodzie: <strong>(\u2026)\u00a0Dramat zmaga\u0144 o Kr\u00f3lestwo Jezusa ostatnio nasili\u0142 si\u0119 niezmiernie w naszej Ojczy\u017anie. Cz\u0119\u015b\u0107 narodu pragnie, by w jego imieniu w\u0142adze ko\u015bcielne i \u015bwieckie uzna\u0142y Chrystusa Kr\u00f3la Kr\u00f3lem Polski. Ten akt wiary, wyznany publicznie, ma przypomnie\u0107 Polakom, w czyje imi\u0119 zostali ochrzczeni, kto jest ich jedynym W\u0142adc\u0105 i jakie prawa ich obowi\u0105zuj\u0105. Po tysi\u0105cletnim okresie budowania Kr\u00f3lestwa Jezusa w naszej Ojczy\u017anie akt ten powinien sta\u0107 si\u0119 testem wierzytelno\u015bci dla w\u0142adzy \u015bwieckiej i duchownej, jak te\u017c dla ka\u017cdego cz\u0142owieka wierz\u0105cego. Wynik\u00f3w zmaga\u0144 o kr\u00f3lowanie Jezusa w naszej Ojczy\u017anie wielu oczekuje z obaw\u0105. Gdy pisz\u0119 ten artyku\u0142, uaktywniaj\u0105 si\u0119 przeciwnicy tej idei. Czy zatem Jezus zostanie uznany Kr\u00f3lem Polski?\u00a0(1997)<\/strong>. Na drodze zakaz\u00f3w i poprzez stawianie coraz to nowych przeszk\u00f3d, starano si\u0119 za wszelk\u0105 cen\u0119 zniech\u0119ci\u0107 ksi\u0119dza Tadeusza do szerzenia tego dzie\u0142a.<\/p>\t\t\t\t\t\t\t\t<\/div>\n\t\t\t\t<\/div>\n\t\t<div class=\"elementor-element elementor-element-5f8f0d9 e-con-full e-flex e-con e-child\" data-id=\"5f8f0d9\" data-element_type=\"container\" data-e-type=\"container\">\n\t\t\t\t<div class=\"elementor-element elementor-element-bf0cf33 elementor-widget elementor-widget-image\" data-id=\"bf0cf33\" data-element_type=\"widget\" data-e-type=\"widget\" data-widget_type=\"image.default\">\n\t\t\t\t\t\t\t\t\t\t\t\t\t\t\t<img loading=\"lazy\" decoding=\"async\" width=\"374\" height=\"997\" src=\"https:\/\/fundacjasercajezusa.pl\/wp-content\/uploads\/2026\/03\/image-39-1.jpg\" class=\"attachment-large size-large wp-image-767\" alt=\"\" srcset=\"https:\/\/fundacjasercajezusa.pl\/wp-content\/uploads\/2026\/03\/image-39-1.jpg 374w, https:\/\/fundacjasercajezusa.pl\/wp-content\/uploads\/2026\/03\/image-39-1-113x300.jpg 113w, https:\/\/fundacjasercajezusa.pl\/wp-content\/uploads\/2026\/03\/image-39-1-321x855.jpg 321w\" sizes=\"(max-width: 374px) 100vw, 374px\" \/>\t\t\t\t\t\t\t\t\t\t\t\t\t\t\t<\/div>\n\t\t\t\t<div class=\"elementor-element elementor-element-b9ab645 elementor-widget elementor-widget-image\" data-id=\"b9ab645\" data-element_type=\"widget\" data-e-type=\"widget\" data-widget_type=\"image.default\">\n\t\t\t\t\t\t\t\t\t\t\t\t\t\t\t<img loading=\"lazy\" decoding=\"async\" width=\"374\" height=\"721\" src=\"https:\/\/fundacjasercajezusa.pl\/wp-content\/uploads\/2026\/03\/image-40.jpg\" class=\"attachment-large size-large wp-image-736\" alt=\"\" srcset=\"https:\/\/fundacjasercajezusa.pl\/wp-content\/uploads\/2026\/03\/image-40.jpg 374w, https:\/\/fundacjasercajezusa.pl\/wp-content\/uploads\/2026\/03\/image-40-156x300.jpg 156w\" sizes=\"(max-width: 374px) 100vw, 374px\" \/>\t\t\t\t\t\t\t\t\t\t\t\t\t\t\t<\/div>\n\t\t\t\t<div class=\"elementor-element elementor-element-e4f2f34 elementor-widget elementor-widget-image\" data-id=\"e4f2f34\" data-element_type=\"widget\" data-e-type=\"widget\" data-widget_type=\"image.default\">\n\t\t\t\t\t\t\t\t\t\t\t\t\t\t\t<img loading=\"lazy\" decoding=\"async\" width=\"379\" height=\"820\" src=\"https:\/\/fundacjasercajezusa.pl\/wp-content\/uploads\/2026\/03\/image-46.jpg\" class=\"attachment-large size-large wp-image-741\" alt=\"\" srcset=\"https:\/\/fundacjasercajezusa.pl\/wp-content\/uploads\/2026\/03\/image-46.jpg 379w, https:\/\/fundacjasercajezusa.pl\/wp-content\/uploads\/2026\/03\/image-46-139x300.jpg 139w\" sizes=\"(max-width: 379px) 100vw, 379px\" \/>\t\t\t\t\t\t\t\t\t\t\t\t\t\t\t<\/div>\n\t\t\t\t<div class=\"elementor-element elementor-element-78bf86d elementor-widget elementor-widget-image\" data-id=\"78bf86d\" data-element_type=\"widget\" data-e-type=\"widget\" data-widget_type=\"image.default\">\n\t\t\t\t\t\t\t\t\t\t\t\t\t\t\t<img loading=\"lazy\" decoding=\"async\" width=\"374\" height=\"755\" src=\"https:\/\/fundacjasercajezusa.pl\/wp-content\/uploads\/2026\/03\/image-42.jpg\" class=\"attachment-large size-large wp-image-737\" alt=\"\" srcset=\"https:\/\/fundacjasercajezusa.pl\/wp-content\/uploads\/2026\/03\/image-42.jpg 374w, https:\/\/fundacjasercajezusa.pl\/wp-content\/uploads\/2026\/03\/image-42-149x300.jpg 149w\" sizes=\"(max-width: 374px) 100vw, 374px\" \/>\t\t\t\t\t\t\t\t\t\t\t\t\t\t\t<\/div>\n\t\t\t\t<\/div>\n\t\t\t\t\t<\/div>\n\t\t\t\t<\/div>\n\t\t<div class=\"elementor-element elementor-element-4a456a3 e-flex e-con-boxed e-con e-parent\" data-id=\"4a456a3\" data-element_type=\"container\" data-e-type=\"container\">\n\t\t\t\t\t<div class=\"e-con-inner\">\n\t\t\t\t<div class=\"elementor-element elementor-element-9e6d0e1 uppercase elementor-widget elementor-widget-heading\" data-id=\"9e6d0e1\" data-element_type=\"widget\" data-e-type=\"widget\" data-widget_type=\"heading.default\">\n\t\t\t\t\t<h2 class=\"elementor-heading-title elementor-size-default\">Na rzecz Intronizacji<\/h2>\t\t\t\t<\/div>\n\t\t\t\t<div class=\"elementor-element elementor-element-3018cd8 elementor-widget elementor-widget-text-editor\" data-id=\"3018cd8\" data-element_type=\"widget\" data-e-type=\"widget\" data-widget_type=\"text-editor.default\">\n\t\t\t\t\t\t\t\t\t<p>W roku 1997 ksi\u0105dz Kiersztyn nadal podejmowa\u0142 wszelkie mo\u017cliwe pr\u00f3by g\u0142oszenia Intronizacji: wyg\u0142asza\u0142 kazania w parafiach, g\u0142osi\u0142 konferencje, tak\u017ce w Radiu Maryja, spotyka\u0142 si\u0119 z politykami, kt\u00f3rzy byli zatroskani o los Ojczyzny i \u017cywo zainteresowali si\u0119 Intronizacj\u0105. Dzia\u0142ania te zaowocowa\u0142y og\u0142oszeniem na Jasnej G\u00f3rze w dniu 3 maja 1997 roku przez Prymasa Polski kard. J\u00f3zefa Glempa dw\u00f3ch dat Intronizacji; diecezjalnej 14 wrze\u015bnia i og\u00f3lnopolskiej w Uroczysto\u015b\u0107 Chrystusa Kr\u00f3la Wszech\u015bwiata. Jednak w kr\u00f3tkim czasie ksi\u0105dz Tadeusz zorientowa\u0142 si\u0119, \u017ce do Intronizacji nie dojdzie.<br \/>Mimo tej \u015bwiadomo\u015bci dzia\u0142a\u0142 i ufa\u0142\u2026 W lipcu 1997 roku na Og\u00f3lnopolskim Forum M\u0142odych AM w \u0141odzi dokona\u0142 pierwszej w Polsce Intronizacji Jezusa Kr\u00f3la Polski. Przy\u015bwieca\u0142a mu jedna intencja: ratowa\u0107 m\u0142odych ludzi za wszelk\u0105 cen\u0119. Jedna z uczestniczek relacjonowa\u0142a: <strong>(\u2026)\u00a0Ros\u0142o w nas pragnienie spotkania z Jezusem. (\u2026) Wszyscy zgromadzili\u015bmy si\u0119 wok\u00f3\u0142 o\u0142tarza a o. Kiersztyn zwr\u00f3ci\u0142 si\u0119 do Pana Jezusa w bezpo\u015brednich s\u0142owach: \u201eJezu, Ty pragniesz, aby\u015bmy skorzystali z naszej wolno\u015bci, aby\u015bmy pochylili si\u0119 przed Tob\u0105 jako naszym Bogiem i uznali, \u017ce jeste\u015b Kr\u00f3lem naszej Polski. Zgromadzi\u0142e\u015b na t\u0119 chwil\u0119 swoje dzieci, takie jakie s\u0105. Na Twoje S\u0142owo oto stajemy przed Tob\u0105, Jezu, i pragniemy Ci\u0119 uroczy\u015bcie uzna\u0107 naszym Kr\u00f3lem; dokona\u0107 aktu Intronizacji w naszych sercach, w ca\u0142ym Apostolstwie Modlitwy M\u0142odych. Daj nam \u0142ask\u0119, aby\u015bmy mogli godnie dokona\u0107 tego Aktu. Nasze serca, Jezu, bij\u0105 pragnieniem oddania si\u0119 Tobie, pochylenia naszego \u201eja\u201d wobec Ciebie, kt\u00f3ry jeste\u015b Mi\u0142o\u015bci\u0105\u201d. Nast\u0119pnie dokonany zosta\u0142 Akt Intronizacji: \u201eW imi\u0119 Ojca i Syna, i Ducha \u015awi\u0119tego. Panie Jezu, my tutaj obecni w imieniu w\u0142asnym i ca\u0142ej m\u0142odzie\u017cy zwi\u0105zanej z AM uroczy\u015bcie uznajemy Ciebie, odwieczny Kr\u00f3lu nieba i ziemi, swym Kr\u00f3lem, Kr\u00f3lem Polski. Przed majestatem Twej pot\u0119gi i chwa\u0142y, oddaj\u0105c cze\u015b\u0107 Bogu w Tr\u00f3jcy Przenaj\u015bwi\u0119tszej Jedynemu, Ojcu, Synowi i Duchowi \u015awi\u0119temu, wo\u0142amy: Kr\u00f3luj nam, Chryste. W Koronie pa\u0144stwa polskiego \u2014 kr\u00f3luj nam, Chryste; w sercach jego obywateli \u2014 kr\u00f3luj nam, Chryste; we wszystkich sektorach \u017cycia spo\u0142ecznego \u2014 kr\u00f3luj nam, Chryste. W sercach wszystkich ludzi zwi\u0105zanych z AM \u2014 kr\u00f3luj nam, Chryste\u201d. Pierwsza Intronizacja Jezusa Kr\u00f3la Polski zosta\u0142a dokonana!!!<\/strong><\/p><p>W listopadzie 1997 roku nast\u0105pi\u0142o kolejne wielkie wydarzenie \u2013 Intronizacja Jezusa Kr\u00f3la Polski we wsp\u00f3lnotach apostolskich AM z ca\u0142ej Polski:\u00a0<strong>Mam \u015bwiadomo\u015b\u0107, \u017ce wype\u0142niamy dzi\u015b wol\u0119 Boga, og\u0142aszaj\u0105c Jego kr\u00f3lowanie w naszych sercach. Wiem te\u017c, \u017ce ten moment uznania Jezusa Chrystusa Kr\u00f3lem jest ogromnie wa\u017cny. B\u00f3g nam nie m\u00f3wi, co si\u0119 jutro wydarzy, ale moc\u0105 wiary mamy wej\u015b\u0107 w jutrzejszy dzie\u0144 jako ludzie maj\u0105cy Boga za swego Kr\u00f3la, jako osoby ca\u0142kowicie Mu oddane.<\/strong><\/p><p><strong>Miesi\u0105c przed tym wydarzeniem ksi\u0105dz Kiersztyn \u2013 coraz bardziej \u015bwiadomy powagi sytuacji i stromej drogi, jaka rozpo\u015bciera\u0142a si\u0119 przed nim i przed wszystkimi pragn\u0105cymi, by Intronizacja w Polsce si\u0119 dokona\u0142a, pisa\u0142: (\u2026)\u00a0Przeciw prawowitej w\u0142adzy Jezusa nieustannie buntuj\u0105 si\u0119 zar\u00f3wno duchy, jak i ludzie: \u201eDlaczego narody si\u0119 buntuj\u0105, czemu ludy knuj\u0105 daremne zamys\u0142y? Kr\u00f3lowie ziem powstaj\u0105 i w\u0142adcy spiskuj\u0105 wraz z nimi przeciw Panu i przeciw Jego Pomaza\u0144cowi. (\u2026) \u015amieje si\u0119 ten, kt\u00f3ry mieszka w niebie, Pan si\u0119 z nich naigrawa. A wtedy m\u00f3wi do nich w swoim gniewie i w swojej zapalczywo\u015bci ich trwo\u017cy. Przecie\u017c ja ustanowi\u0142em sobie Kr\u00f3la na Syjonie, \u015bwi\u0119tej mojej G\u00f3rze\u201d\u00a0(Ps 2,1 -6).<\/strong><\/p><p><strong>W Polsce jeste\u015bmy \u015bwiadkami nasilenia si\u0119 zmaga\u0144 o panowanie nad nami Jezusa. Przez ostatnie p\u00f3\u0142 wieku si\u0142\u0105 narzucone Polsce rz\u0105dy by\u0142y obce naszym narodowym oczekiwaniom. Wielu z nas do\u015bwiadczy\u0142o ogromu goryczy tamtych czas\u00f3w. Czy jednak potrafimy zrobi\u0107 dzi\u015b dobry u\u017cytek z odzyskanej wolno\u015bci? Czy wezwanie do Intronizacji Chrystusa zostanie podj\u0119te przez ca\u0142e spo\u0142ecze\u0144stwo? Te pytania budz\u0105 we mnie nadziej\u0119, ale te\u017c i trwog\u0119<\/strong>.<\/p><p>Wszystkie te wydarzenia, s\u0142owa zagrzewaj\u0105ce do walki o Intronizacj\u0119, nieugi\u0119ta postawa ksi\u0119dza Tadeusza sprawi\u0142y, \u017ce przeciwnicy Dzie\u0142a atakowali coraz bardziej perfidnie i ostro. Ataki kierowano na Fundacj\u0119 Serca Jezusa, kt\u00f3ra by\u0142a Powodem w procesie kanonizacyjnym i prowadzi\u0142a Biuro Postulacji S.B. Rozalii Celak\u00f3wny, ale przede wszystkim na osob\u0119 ksi\u0119dza Kiersztyna, by\u0142o bowiem wiadome, \u017ce to on jest osob\u0105 inicjuj\u0105c\u0105 wszelkie dzia\u0142ania maj\u0105ce na celu dokonanie Intronizacji w Polsce.<\/p>\t\t\t\t\t\t\t\t<\/div>\n\t\t\t\t<div class=\"elementor-element elementor-element-120fb5a uppercase elementor-widget elementor-widget-heading\" data-id=\"120fb5a\" data-element_type=\"widget\" data-e-type=\"widget\" data-widget_type=\"heading.default\">\n\t\t\t\t\t<h2 class=\"elementor-heading-title elementor-size-default\">Otwarta walka<\/h2>\t\t\t\t<\/div>\n\t\t\t\t<div class=\"elementor-element elementor-element-431870f elementor-widget elementor-widget-text-editor\" data-id=\"431870f\" data-element_type=\"widget\" data-e-type=\"widget\" data-widget_type=\"text-editor.default\">\n\t\t\t\t\t\t\t\t\t<p>Mimo nasilaj\u0105cych si\u0119 atak\u00f3w ksi\u0105dz Tadeusz nie zrezygnowa\u0142 z podejmowania dzia\u0142a\u0144 w sprawie Intronizacji, ale atmosfera wok\u00f3\u0142 jego poczyna\u0144 \u2013 mo\u017cna powiedzie\u0107 \u2013 zaczyna\u0142a coraz bardziej g\u0119stnie\u0107. Ludzie wsp\u00f3\u0142pracuj\u0105cy z nim w tym dziele, kap\u0142ani, wsp\u00f3\u0142bracia, politycy zacz\u0119li go powoli opuszcza\u0107, bo w ich serca wkrada\u0142 si\u0119 mroczny duch w\u0105tpliwo\u015bci, nieufno\u015bci, a tak\u017ce l\u0119k o swoje dobre imi\u0119, o stanowisko, cz\u0119sto mylone z pos\u0142usze\u0144stwem.<\/p><p>Po dw\u00f3ch latach utarczek, gdy w zakonie zorientowano si\u0119, \u017ce ksi\u0105dz Tadeusz wy\u017cej ceni obowi\u0105zek wiary ni\u017c wzgl\u0119dy ludzkie, postanowiono ten problem rozwi\u0105za\u0107 definitywnie. W czerwcu 1998 roku odwo\u0142ano go ze stanowiska Krajowego Sekretarza Apostolstwa Modlitwy oraz redaktora naczelnego \u201ePos\u0142a\u0144ca Serca Jezusowego\u201d. Pr\u00f3bowano tak\u017ce nakaza\u0107 mu wyjazd z Polski. Ksi\u0105dz Kiersztyn mia\u0142 \u015bwiadomo\u015b\u0107, \u017ce z chwil\u0105 jego wyjazdu z kraju zniszczony zostanie proces kanonizacyjny Rozalii oraz Fundacja Serca Jezusa \u2013 ustanowiona Powodem w tym procesie. W sytuacji, gdy zakon zmusza\u0142 go do opuszczenia Polski, zdecydowa\u0142 opu\u015bci\u0107 zakon, aby zosta\u0107 w Polsce i kontynuowa\u0107 dzie\u0142o.<\/p><p>W 1998 roku poprosi\u0142 o dymisj\u0119 z Towarzystwa Jezusowego, kt\u00f3r\u0105 przyj\u0105\u0142 rok p\u00f3\u017aniej. Po odej\u015bciu z zakonu zamieszka\u0142 w O\u015brodku w Szczyglicach, pos\u0142uguj\u0105c na rzecz Wsp\u00f3lnoty \u015bw. Klaudiusza, ca\u0142\u0105 energi\u0119 po\u015bwi\u0119caj\u0105c na propagowanie i rozwijanie Dzie\u0142a Intronizacji Jezusa Kr\u00f3la Polski. W tym celu z jego inspiracji w roku 2003 powsta\u0142o Stowarzyszenie \u201eR\u00f3\u017ca\u201d \u2013 Przyjaci\u00f3\u0142 Rozalii Celak\u00f3wny.<\/p><p>W 2000 roku zwr\u00f3ci\u0142 si\u0119 do ks. kard. Macharskiego z pisemn\u0105 pro\u015bb\u0105 o zezwolenie na wykonywanie \u015bwi\u0119ce\u0144 na rzecz Wsp\u00f3lnoty \u015bw. Klaudiusza. Suspensy, czyli dekretu zakazuj\u0105cego wykonywania \u015bwi\u0119ce\u0144 ksi\u0105dz Tadeusz nigdy nie otrzyma\u0142. Nigdy te\u017c nie otrzyma\u0142 jakiejkolwiek kary dyscyplinarnej, co niekt\u00f3rzy k\u0142amliwie mu zarzucali.<\/p><p>W tym czasie prace prowadzone w Biurze Postulacji S.B. Rozalii dobieg\u0142y ko\u0144ca. We wrze\u015bniu 2000 roku dokumenty procesowe odpowiednio przygotowane czeka\u0142y na ostateczny podpis ks. kard. Franciszka Macharskiego. Niestety wszystko stan\u0119\u0142o w martwym punkcie\u2026<\/p>\t\t\t\t\t\t\t\t<\/div>\n\t\t\t\t<div class=\"elementor-element elementor-element-05c9514 uppercase elementor-widget elementor-widget-heading\" data-id=\"05c9514\" data-element_type=\"widget\" data-e-type=\"widget\" data-widget_type=\"heading.default\">\n\t\t\t\t\t<h2 class=\"elementor-heading-title elementor-size-default\">W s\u0142u\u017cbie Kr\u00f3lowi<\/h2>\t\t\t\t<\/div>\n\t\t\t\t<div class=\"elementor-element elementor-element-9cecd94 elementor-widget elementor-widget-text-editor\" data-id=\"9cecd94\" data-element_type=\"widget\" data-e-type=\"widget\" data-widget_type=\"text-editor.default\">\n\t\t\t\t\t\t\t\t\t<p>Od 2003 roku ksi\u0105dz Kiersztyn zacz\u0105\u0142 szerzy\u0107 na wielk\u0105 skal\u0119 w Polsce misj\u0119 Rozalii -Intronizacj\u0119 Jezusa Kr\u00f3la Polski. Ukaza\u0142a si\u0119 jego ksi\u0105\u017cka pt.\u00a0Ostatnia walka, kt\u00f3ra opowiada o Bogu Kr\u00f3lu w dziejach \u015bwiata i o Jego przeciwniku Lucyferze. Ksi\u0105\u017cka zyska\u0142a bardzo przychylne opinie ks. prof. Czes\u0142awa Bartnika oraz abp. Stanis\u0142awa Wielgusa i cieszy si\u0119 do dzi\u015b ogromnym powodzeniem. Mo\u017cna powiedzie\u0107, \u017ce ksi\u0105\u017ck\u0119 t\u0119 ksi\u0105dz Kiersztyn pisa\u0142 na kolanach, bowiem najwa\u017cniejsze my\u015bli i interpretacje rodzi\u0142y si\u0119 na d\u0142ugich adoracjach przed Naj\u015bwi\u0119tszym Sakramentem.<br \/><br \/>Opracowa\u0142 tak\u017ce wraz ze swymi wsp\u00f3\u0142pracownikami\u00a0<strong>Siedmiodniowe Nabo\u017ce\u0144stwo Intronizacyjne<\/strong>. Ka\u017cdy, kto dokona Aktu Intronizacji Jezusa Kr\u00f3la Polski wed\u0142ug tego Nabo\u017ce\u0144stwa i zg\u0142osi ten fakt, jest wpisywany do Ksi\u0119gi Chwa\u0142a Korony. W pierwsze pi\u0105tki miesi\u0105ca ksi\u0105dz Kiersztyn odprawia\u0142 Msze \u015bw. w intencji tych os\u00f3b. Praktyka ta trwa do dzi\u015b, cho\u0107 Msze \u015bw. sprawowane s\u0105 ju\u017c przez innych kap\u0142an\u00f3w.<br \/><br \/>Dzie\u0142o Intronizacji Jezusa Kr\u00f3la Polski nabiera\u0142o konkretnych form. Zacz\u0119\u0142y powstawa\u0107 pierwsze symbole Jezusa Kr\u00f3la Polski, konsultowane z ksi\u0119dzem Tadeuszem, a wykonywane przez artyst\u00f3w zainspirowanych tym Dzie\u0142em: najpierw zosta\u0142a wykonana figurka Jezusa Kr\u00f3la Polski, nast\u0119pnie powsta\u0142 obraz Jezusa Kr\u00f3la Polski.<\/p>\t\t\t\t\t\t\t\t<\/div>\n\t\t\t\t\t<\/div>\n\t\t\t\t<\/div>\n\t\t<div class=\"elementor-element elementor-element-4f6704e e-flex e-con-boxed e-con e-parent\" data-id=\"4f6704e\" data-element_type=\"container\" data-e-type=\"container\">\n\t\t\t\t\t<div class=\"e-con-inner\">\n\t\t<div class=\"elementor-element elementor-element-f9ec47c e-con-full e-flex e-con e-child\" data-id=\"f9ec47c\" data-element_type=\"container\" data-e-type=\"container\">\n\t\t\t\t<div class=\"elementor-element elementor-element-a254803 elementor-widget elementor-widget-image\" data-id=\"a254803\" data-element_type=\"widget\" data-e-type=\"widget\" data-widget_type=\"image.default\">\n\t\t\t\t\t\t\t\t\t\t\t\t\t\t\t<img loading=\"lazy\" decoding=\"async\" width=\"372\" height=\"233\" src=\"https:\/\/fundacjasercajezusa.pl\/wp-content\/uploads\/2026\/03\/image-43.jpg\" class=\"attachment-large size-large wp-image-738\" alt=\"\" srcset=\"https:\/\/fundacjasercajezusa.pl\/wp-content\/uploads\/2026\/03\/image-43.jpg 372w, https:\/\/fundacjasercajezusa.pl\/wp-content\/uploads\/2026\/03\/image-43-300x188.jpg 300w\" sizes=\"(max-width: 372px) 100vw, 372px\" \/>\t\t\t\t\t\t\t\t\t\t\t\t\t\t\t<\/div>\n\t\t\t\t<\/div>\n\t\t<div class=\"elementor-element elementor-element-841265c e-con-full e-flex e-con e-child\" data-id=\"841265c\" data-element_type=\"container\" data-e-type=\"container\">\n\t\t\t\t<div class=\"elementor-element elementor-element-444c473 elementor-widget elementor-widget-image\" data-id=\"444c473\" data-element_type=\"widget\" data-e-type=\"widget\" data-widget_type=\"image.default\">\n\t\t\t\t\t\t\t\t\t\t\t\t\t\t\t<img loading=\"lazy\" decoding=\"async\" width=\"375\" height=\"233\" src=\"https:\/\/fundacjasercajezusa.pl\/wp-content\/uploads\/2026\/03\/image-44.jpg\" class=\"attachment-large size-large wp-image-739\" alt=\"\" srcset=\"https:\/\/fundacjasercajezusa.pl\/wp-content\/uploads\/2026\/03\/image-44.jpg 375w, https:\/\/fundacjasercajezusa.pl\/wp-content\/uploads\/2026\/03\/image-44-300x186.jpg 300w\" sizes=\"(max-width: 375px) 100vw, 375px\" \/>\t\t\t\t\t\t\t\t\t\t\t\t\t\t\t<\/div>\n\t\t\t\t<\/div>\n\t\t<div class=\"elementor-element elementor-element-8a66a38 e-con-full e-flex e-con e-child\" data-id=\"8a66a38\" data-element_type=\"container\" data-e-type=\"container\">\n\t\t\t\t<div class=\"elementor-element elementor-element-552299d elementor-widget elementor-widget-image\" data-id=\"552299d\" data-element_type=\"widget\" data-e-type=\"widget\" data-widget_type=\"image.default\">\n\t\t\t\t\t\t\t\t\t\t\t\t\t\t\t<img loading=\"lazy\" decoding=\"async\" width=\"374\" height=\"233\" src=\"https:\/\/fundacjasercajezusa.pl\/wp-content\/uploads\/2026\/03\/image-45.jpg\" class=\"attachment-large size-large wp-image-740\" alt=\"\" srcset=\"https:\/\/fundacjasercajezusa.pl\/wp-content\/uploads\/2026\/03\/image-45.jpg 374w, https:\/\/fundacjasercajezusa.pl\/wp-content\/uploads\/2026\/03\/image-45-300x187.jpg 300w\" sizes=\"(max-width: 374px) 100vw, 374px\" \/>\t\t\t\t\t\t\t\t\t\t\t\t\t\t\t<\/div>\n\t\t\t\t<\/div>\n\t\t\t\t\t<\/div>\n\t\t\t\t<\/div>\n\t\t<div class=\"elementor-element elementor-element-0891190 e-flex e-con-boxed e-con e-parent\" data-id=\"0891190\" data-element_type=\"container\" data-e-type=\"container\">\n\t\t\t\t\t<div class=\"e-con-inner\">\n\t\t<div class=\"elementor-element elementor-element-0418a77 e-con-full e-flex e-con e-child\" data-id=\"0418a77\" data-element_type=\"container\" data-e-type=\"container\">\n\t\t\t\t<div class=\"elementor-element elementor-element-88488b2 elementor-widget elementor-widget-text-editor\" data-id=\"88488b2\" data-element_type=\"widget\" data-e-type=\"widget\" data-widget_type=\"text-editor.default\">\n\t\t\t\t\t\t\t\t\t<p>Na prze\u0142omie kwietnia i maja 2006 roku odby\u0142a si\u0119 inspirowana przez ksi\u0119dza Kiersztyna dziewi\u0119ciodniowa adoracja w Katedrze wawelskiej, uwie\u0144czona Aktem Intronizacyjnym Jezusa Kr\u00f3la Polski. Organizowano liczne pielgrzymki Intronizacyjne i podejmowano r\u00f3\u017cne akcje promuj\u0105ce Intronizacj\u0119. Coraz cz\u0119\u015bciej zapraszano ksi\u0119dza Tadeusza do r\u00f3\u017cnych o\u015brodk\u00f3w w Polsce z prelekcjami na temat Intronizacji Jezusa Kr\u00f3la Polski, w tym dwukrotnie do Warszawy na spotkanie z parlamentarzystami. Podczas tych spotka\u0144 przekazywa\u0142 on Bo\u017ce wezwanie do uznania Pana Jezusa Kr\u00f3lem Polski, co wed\u0142ug objawie\u0144 udzielonych Rozalii, ma by\u0107 warunkiem ocalenia naszego Narodu.<\/p>\t\t\t\t\t\t\t\t<\/div>\n\t\t\t\t<div class=\"elementor-element elementor-element-41b463d elementor-widget elementor-widget-text-editor\" data-id=\"41b463d\" data-element_type=\"widget\" data-e-type=\"widget\" data-widget_type=\"text-editor.default\">\n\t\t\t\t\t\t\t\t\t<p>Pod koniec roku 2006 grupa 46 parlamentarzyst\u00f3w zg\u0142osi\u0142a projekt uchwa\u0142y o nadanie Panu Jezusowi tytu\u0142u: Jezus Kr\u00f3l Polski. Zwr\u00f3cili si\u0119 oni z pisemn\u0105 pro\u015bb\u0105 do Episkopatu Polski o zaj\u0119cie w tej sprawie stanowiska. Kiedy ani przyzwolenie, ani zakaz, b\u0105d\u017a ze wzgl\u0119d\u00f3w politycznych, b\u0105d\u017a religijnych, nie wchodzi\u0142y w gr\u0119, zdecydowano si\u0119 na trzeci\u0105 mo\u017cliwo\u015b\u0107. Postanowiono zamkn\u0105\u0107 proces kanonizacyjny S.B. Rozalii Celak\u00f3wny na terenie Archidiecezji krakowskiej, jednocze\u015bnie zobowi\u0105zuj\u0105c pos\u0142\u00f3w do zaniechania dzia\u0142a\u0144 w sprawie powy\u017cszej uchwa\u0142y. Pozwoli\u0142o to przynajmniej chwilowo \u201eoddali\u0107 widmo\u201d uznania Jezusa Kr\u00f3lem Polski.<br \/><br \/>Dnia 17 kwietnia 2007 roku zamkni\u0119to proces S.B. Rozalii Celak\u00f3wny na szczeblu diecezjalnym. Poniewa\u017c sesja ko\u0144cowa procesu mia\u0142a odby\u0107 si\u0119 bez rozg\u0142osu, do Kaplicy Kardynalskiej przyby\u0142y, poza nielicznymi, tylko osoby maj\u0105ce z urz\u0119du obowi\u0105zek lub prawo do wzi\u0119cia udzia\u0142u w jej przebiegu.<br \/>Zamkni\u0119cie procesu Rozalii, zdawa\u0142oby si\u0119 radosny moment, a jednak dla ksi\u0119dza Kiersztyna by\u0142 najbole\u015bniejszym policzkiem wymierzonym mu przez hierarch\u00f3w ko\u015bcio\u0142a krakowskiego. Wraz z informacj\u0105 o zamkni\u0119ciu procesu zamieszczono k\u0142amliw\u0105 informacj\u0119 na temat statusu i dzia\u0142alno\u015bci ksi\u0119dza Tadeusza.<br \/><br \/>Ksi\u0105dz Kiersztyn mimo wielu trudno\u015bci i przeszk\u00f3d, mimo wielkiego cierpienia moralnego pozosta\u0142 wierny wezwaniu Jezusa Kr\u00f3la; nigdy si\u0119 Go nie zapar\u0142, nigdy nie zdradzi\u0142, mocno trzyma\u0142 w d\u0142oniach Jego kr\u00f3lewski sztandar. Wielu ludzi przyje\u017cd\u017ca\u0142o do niego, by si\u0119 nad nim u\u017cala\u0107, on nigdy tego nie robi\u0142. Zawsze by\u0142 wpatrzony w cel swej w\u0119dr\u00f3wki, i to mu pozwala\u0142o podejmowa\u0107 wci\u0105\u017c nowe dzia\u0142ania. To m.in. z jego inicjatywy przez centrum najwi\u0119kszych miast w Polsce przesz\u0142y marsze wzywaj\u0105ce do Intronizacji Jezusa Kr\u00f3la Polski. Tak\u017ce z jego inicjatywy od 2008 do 2016 roku codziennie przez 24 godziny na dob\u0119 i 7 dni w tygodniu trwa\u0142a nieustanna modlitwa: \u201eCzuwanie przed tronem Jezusa Kr\u00f3la Polski\u201d.<br \/><br \/>Ksi\u0105dz Tadeusz du\u017co pisa\u0142, chcia\u0142 bowiem, by idea Intronizacji przedstawiona w jasny i czytelny spos\u00f3b dotar\u0142a do jak najwi\u0119kszej liczby os\u00f3b. Ta intencja przy\u015bwieca\u0142a powstaniu (opr\u00f3cz wspomnianej\u00a0<strong>Ostatniej walki\u00a0i\u00a0Siedmiodniowego Nabo\u017ce\u0144stwa Intronizacyjnego)<\/strong> serii broszurek z cyklu Czas\u2026, w kt\u00f3rych przedstawi\u0142 teologiczne uzasadnienie Intronizacji Jezusa Kr\u00f3la Polski oraz wyja\u015bni\u0142 wszelkie nieprawid\u0142owo\u015bci wypaczaj\u0105ce t\u0119 ide\u0119. Ostatni\u0105 pozycj\u0105, kt\u00f3rej by\u0142 wsp\u00f3\u0142autorem, jest\u00a0Droga do chwa\u0142y. Przekaza\u0142 w niej tre\u015bci duchowe, kt\u00f3rymi sam \u017cy\u0142 i kt\u00f3re zaleca\u0142 swoim duchowym dzieciom.<\/p>\t\t\t\t\t\t\t\t<\/div>\n\t\t\t\t<div class=\"elementor-element elementor-element-9a4f293 uppercase elementor-widget elementor-widget-heading\" data-id=\"9a4f293\" data-element_type=\"widget\" data-e-type=\"widget\" data-widget_type=\"heading.default\">\n\t\t\t\t\t<h2 class=\"elementor-heading-title elementor-size-default\">Bez ha\u0142asu i zgie\u0142ku<\/h2>\t\t\t\t<\/div>\n\t\t\t\t<div class=\"elementor-element elementor-element-07d7287 elementor-widget elementor-widget-text-editor\" data-id=\"07d7287\" data-element_type=\"widget\" data-e-type=\"widget\" data-widget_type=\"text-editor.default\">\n\t\t\t\t\t\t\t\t\t<p>Ksi\u0105dz Tadeusz nie lubi\u0142 rozg\u0142osu, nie lubi\u0142 te\u017c ha\u0142asu, zgie\u0142ku. Bardzo ceni\u0142 cisz\u0119 adoracyjn\u0105 u st\u00f3p Jezusa Kr\u00f3la, modlitw\u0119, kontemplacj\u0119, a nade wszystko Msz\u0119 \u015bwi\u0119t\u0105, kiedy stawa\u0142 si\u0119 sprawc\u0105 cudu przemiany chleba i wina w prawdziwe Cia\u0142o i Krew Chrystusa \u2013 Kr\u00f3la.<\/p>\t\t\t\t\t\t\t\t<\/div>\n\t\t\t\t<div class=\"elementor-element elementor-element-0aae159 elementor-widget elementor-widget-text-editor\" data-id=\"0aae159\" data-element_type=\"widget\" data-e-type=\"widget\" data-widget_type=\"text-editor.default\">\n\t\t\t\t\t\t\t\t\t<p>Kocha\u0142 Matk\u0119 Jezusa \u2013 Kr\u00f3low\u0105. Wiedzia\u0142, \u017ce jest Ona Kr\u00f3low\u0105 dlatego, \u017ce Jej Syn jest Kr\u00f3lem. Przy ka\u017cdej sposobno\u015bci, zw\u0142aszcza przy okazji \u015bwi\u0105t maryjnych ksi\u0105dz Tadeusz wyra\u017ca\u0142 swoj\u0105 ogromn\u0105 mi\u0142o\u015b\u0107 i szacunek do Matki Bo\u017cej, Matki Kr\u00f3la:<br \/><br \/><strong>W wymiarze duchowym nasz Nar\u00f3d ma szczeg\u00f3lne oblicze. Zosta\u0142o ono ukszta\u0142towane wiar\u0105, modlitw\u0105 i cierpieniem minionych pokole\u0144 na przestrzeni tysi\u0105ca lat, dzi\u0119ki macierzy\u0144skiej mi\u0142o\u015bci naszej Matki Kr\u00f3lowej Polski. Nale\u017cymy do Niej, naszej Jasnog\u00f3rskiej Pani, tak jak ka\u017cde dziecko nale\u017cy do swej matki. I cho\u0107 cz\u0119sto b\u0142\u0105dzimy, to jednak nigdy nie zapominamy o naszej Matce.<\/strong><br \/><br \/><strong>Ten zwi\u0105zek \u017c\u0142obi duchowe oblicze Polski i wyciska na nim znami\u0119 mi\u0142o\u015bci. Dla dzieci tej Ojczyzny jest ono chlub\u0105 \u2013 dla Jej wrog\u00f3w okazj\u0105 do zniewag. Cokolwiek by nie powiedzie\u0107 na ten temat, to jedno jest pewne, \u017ce nikt nas nie oszuka m\u00f3wi\u0105c: \u201ejam Polak\u201d, je\u015bli nie ma duszy i serca dziecka Maryi.<\/strong><br \/><strong>Tylko z\u0142y ptak kala swe gniazdo i tylko cz\u0142owiek w duchowym ob\u0142\u0119dzie mo\u017ce niszczy\u0107 swe dziedziczne korzenie polsko\u015bci. Wiele kobiet i m\u0119\u017cczyzn \u017cyj\u0105cych na naszej ziemi przemawia w naszym j\u0119zyku na najwy\u017cszych trybunach, g\u0142osz\u0105c rzeczy niewiarygodnie obrzydliwe i g\u0142upie; zniewa\u017ca Ciebie, Maryjo!<\/strong><br \/><br \/><strong>Pozw\u00f3l nam, Polska Kr\u00f3lowo, otrz\u0105sn\u0105\u0107 si\u0119 z duchowego letargu i stan\u0105\u0107 w obronie naszej Ojczyzny. Niech plugawe z\u0142o zostanie usuni\u0119te sprzed Twego tronu. Niech nikt, kto blu\u017ani przeciw Bogu i przeciw Twoim dzieciom, nie czyni tego bezkarnie. A nam wyjednaj \u0142ask\u0119 duchowej odnowy, by\u015bmy mogli razem z Tob\u0105 zwyci\u0119\u017cy\u0107 w walce z si\u0142ami z\u0142a. Kr\u00f3lowo Polski, m\u00f3dl si\u0119 za nami!\u00a0(1994).<\/strong><\/p>\t\t\t\t\t\t\t\t<\/div>\n\t\t\t\t<div class=\"elementor-element elementor-element-e2e8d69 elementor-widget elementor-widget-text-editor\" data-id=\"e2e8d69\" data-element_type=\"widget\" data-e-type=\"widget\" data-widget_type=\"text-editor.default\">\n\t\t\t\t\t\t\t\t\t<p>Przez 25 lat prowadzi\u0142 Wsp\u00f3lnot\u0119 \u015bw. Klaudiusza i grup\u0119 modlitewn\u0105, kt\u00f3ra powsta\u0142a przy Wsp\u00f3lnocie. Ludzi, kt\u00f3rzy jak on umi\u0142owali Jezusa Kr\u00f3la i zaufali mu jako przewodnikowi w drodze do Tronu, uczy\u0142 przede wszystkim modlitwy; tej indywidualnej, wsp\u00f3lnotowej, wstawienniczej. Uczy\u0142 ich tak\u017ce pracy, s\u0142u\u017cenia innym ludziom w Duchu mi\u0142o\u015bci i Prawdy. Szczeg\u00f3lnie ceni\u0142 \u017cycie w prawdzie i wierno\u015b\u0107 Bogu. Nikogo nigdy nie odrzuca\u0142, dla wszystkich znajdowa\u0142 czas, ka\u017cdemu by\u0142 przyjacielem.<br \/><br \/>W dniu 22 sierpnia 2012 roku, w \u015bwi\u0119to Matki Bo\u017cej Kr\u00f3lowej, ksi\u0105dz Tadeusz Kiersztyn uleg\u0142 wypadkowi samochodowemu. Natychmiast zosta\u0142 przetransportowany do szpitala. Mimo wysi\u0142k\u00f3w lekarzy, o godz. 15.00, w godzinie Mi\u0142osierdzia Bo\u017cego, ksi\u0105dz Tadeusz odszed\u0142 do swego Kr\u00f3la.<br \/><br \/>Osiem dni p\u00f3\u017aniej, 30 sierpnia, na jego pogrzeb przyjechali ludzie z ca\u0142ej Polski i zza granicy, w tym wielu kap\u0142an\u00f3w. Jednak\u017ce nawet w czasie uroczysto\u015bci pogrzebowych ksi\u0105dz Tadeusz dozna\u0142 kolejnego upokorzenia ze strony hierarch\u00f3w Ko\u015bcio\u0142a, kt\u00f3rzy wydali decyzj\u0119 zakazuj\u0105c\u0105 koncelebry przyby\u0142ym z ca\u0142ej Polski kap\u0142anom, a kap\u0142anowi odprawiaj\u0105cemu Msz\u0119 \u015bw. zakazano wyg\u0142oszenia kazania. Jeden z kap\u0142an\u00f3w tak skomentowa\u0142 te decyzje:\u00a0<strong>My\u015bl\u0119, \u017ce do g\u0142osu dosz\u0142a tu pewna bezduszno\u015b\u0107 Ko\u015bcio\u0142a jako instytucji. Krakowski Ko\u015bci\u00f3\u0142 pokaza\u0142 twarz \u201eurz\u0119dnika\u201d zamiast twarzy duszpasterza. Ksi\u0105dz Tadeusz Kiersztyn (\u2026) po pierwsze wci\u0105\u017c by\u0142 ksi\u0119dzem, po drugie \u2013 nie by\u0142 ani ekskomunikowany, ani suspendowany, nie z\u0142ama\u0142 celibatu, nie popad\u0142 w na\u0142ogi, nie \u017cy\u0142 w grzechu i nie umar\u0142, pozostaj\u0105c w grzechu. By\u0142 gorliwym kap\u0142anem. Sp\u00f3r o intronizacj\u0119 Jezusa na Kr\u00f3la Polski, czego ks. Kiersztyn by\u0142 wielkim or\u0119downikiem w przeciwie\u0144stwie do kard. Dziwisza, nie jest \u017cadnym uzasadnieniem dla tej szokuj\u0105cej decyzji<\/strong>.<br \/><br \/>Ostatnia walka by\u0142a prowadzona do ko\u0144ca\u2026<\/p>\t\t\t\t\t\t\t\t<\/div>\n\t\t\t\t<\/div>\n\t\t<div class=\"elementor-element elementor-element-d5405ff e-con-full e-flex e-con e-child\" data-id=\"d5405ff\" data-element_type=\"container\" data-e-type=\"container\">\n\t\t\t\t<div class=\"elementor-element elementor-element-2a9adbf elementor-widget elementor-widget-image\" data-id=\"2a9adbf\" data-element_type=\"widget\" data-e-type=\"widget\" data-widget_type=\"image.default\">\n\t\t\t\t\t\t\t\t\t\t\t\t\t\t\t<img loading=\"lazy\" decoding=\"async\" width=\"374\" height=\"854\" src=\"https:\/\/fundacjasercajezusa.pl\/wp-content\/uploads\/2026\/03\/image-50.jpg\" class=\"attachment-large size-large wp-image-742\" alt=\"\" srcset=\"https:\/\/fundacjasercajezusa.pl\/wp-content\/uploads\/2026\/03\/image-50.jpg 374w, https:\/\/fundacjasercajezusa.pl\/wp-content\/uploads\/2026\/03\/image-50-131x300.jpg 131w\" sizes=\"(max-width: 374px) 100vw, 374px\" \/>\t\t\t\t\t\t\t\t\t\t\t\t\t\t\t<\/div>\n\t\t\t\t<div class=\"elementor-element elementor-element-f6ba0cd elementor-widget elementor-widget-image\" data-id=\"f6ba0cd\" data-element_type=\"widget\" data-e-type=\"widget\" data-widget_type=\"image.default\">\n\t\t\t\t\t\t\t\t\t\t\t\t\t\t\t<img loading=\"lazy\" decoding=\"async\" width=\"338\" height=\"1024\" src=\"https:\/\/fundacjasercajezusa.pl\/wp-content\/uploads\/2026\/03\/image-51-338x1024.jpg\" class=\"attachment-large size-large wp-image-743\" alt=\"\" srcset=\"https:\/\/fundacjasercajezusa.pl\/wp-content\/uploads\/2026\/03\/image-51-338x1024.jpg 338w, https:\/\/fundacjasercajezusa.pl\/wp-content\/uploads\/2026\/03\/image-51-99x300.jpg 99w, https:\/\/fundacjasercajezusa.pl\/wp-content\/uploads\/2026\/03\/image-51-282x855.jpg 282w, https:\/\/fundacjasercajezusa.pl\/wp-content\/uploads\/2026\/03\/image-51.jpg 374w\" sizes=\"(max-width: 338px) 100vw, 338px\" \/>\t\t\t\t\t\t\t\t\t\t\t\t\t\t\t<\/div>\n\t\t\t\t<\/div>\n\t\t\t\t\t<\/div>\n\t\t\t\t<\/div>\n\t\t\t\t<\/div>\n\t\t","protected":false},"excerpt":{"rendered":"<p>\u017byciorys ks. Tadeusza Kiersztyna (1945- 2012) Pocz\u0105tek drogi Ksi\u0105dz Tadeusz Kiersztyn urodzi\u0142 si\u0119 15<span class=\"more-dots\">&#8230;<\/span><\/p>\n","protected":false},"author":6,"featured_media":0,"parent":0,"menu_order":0,"comment_status":"closed","ping_status":"closed","template":"elementor_canvas","meta":{"_acf_changed":false,"footnotes":""},"class_list":["post-729","page","type-page","status-publish","hentry","no-post-thumbnail"],"acf":[],"_links":{"self":[{"href":"https:\/\/fundacjasercajezusa.pl\/index.php\/wp-json\/wp\/v2\/pages\/729","targetHints":{"allow":["GET"]}}],"collection":[{"href":"https:\/\/fundacjasercajezusa.pl\/index.php\/wp-json\/wp\/v2\/pages"}],"about":[{"href":"https:\/\/fundacjasercajezusa.pl\/index.php\/wp-json\/wp\/v2\/types\/page"}],"author":[{"embeddable":true,"href":"https:\/\/fundacjasercajezusa.pl\/index.php\/wp-json\/wp\/v2\/users\/6"}],"replies":[{"embeddable":true,"href":"https:\/\/fundacjasercajezusa.pl\/index.php\/wp-json\/wp\/v2\/comments?post=729"}],"version-history":[{"count":43,"href":"https:\/\/fundacjasercajezusa.pl\/index.php\/wp-json\/wp\/v2\/pages\/729\/revisions"}],"predecessor-version":[{"id":792,"href":"https:\/\/fundacjasercajezusa.pl\/index.php\/wp-json\/wp\/v2\/pages\/729\/revisions\/792"}],"wp:attachment":[{"href":"https:\/\/fundacjasercajezusa.pl\/index.php\/wp-json\/wp\/v2\/media?parent=729"}],"curies":[{"name":"wp","href":"https:\/\/api.w.org\/{rel}","templated":true}]}}