{"id":690,"date":"2026-03-14T10:25:38","date_gmt":"2026-03-14T10:25:38","guid":{"rendered":"https:\/\/fundacjasercajezusa.pl\/?page_id=690"},"modified":"2026-03-14T11:42:18","modified_gmt":"2026-03-14T11:42:18","slug":"nasza-historia","status":"publish","type":"page","link":"https:\/\/fundacjasercajezusa.pl\/index.php\/nasza-historia\/","title":{"rendered":"Nasza historia"},"content":{"rendered":"\t\t<div data-elementor-type=\"wp-page\" data-elementor-id=\"690\" class=\"elementor elementor-690\" data-elementor-post-type=\"page\">\n\t\t\t\t<div class=\"elementor-element elementor-element-aaeca26 e-flex e-con-boxed e-con e-parent\" data-id=\"aaeca26\" data-element_type=\"container\" data-e-type=\"container\">\n\t\t\t\t\t<div class=\"e-con-inner\">\n\t\t<div class=\"elementor-element elementor-element-dca7a58 e-con-full e-flex e-con e-child\" data-id=\"dca7a58\" data-element_type=\"container\" data-e-type=\"container\">\n\t\t\t\t<div class=\"elementor-element elementor-element-6b341cf elementor-widget elementor-widget-heading\" data-id=\"6b341cf\" data-element_type=\"widget\" data-e-type=\"widget\" data-widget_type=\"heading.default\">\n\t\t\t\t\t<h2 class=\"elementor-heading-title elementor-size-default\">Nasza Historia<\/h2>\t\t\t\t<\/div>\n\t\t\t\t<\/div>\n\t\t<div class=\"elementor-element elementor-element-713a7ef e-con-full e-flex e-con e-child\" data-id=\"713a7ef\" data-element_type=\"container\" data-e-type=\"container\">\n\t\t\t\t<\/div>\n\t\t\t\t\t<\/div>\n\t\t\t\t<\/div>\n\t\t<div class=\"elementor-element elementor-element-7503465 e-flex e-con-boxed e-con e-parent\" data-id=\"7503465\" data-element_type=\"container\" data-e-type=\"container\">\n\t\t\t\t\t<div class=\"e-con-inner\">\n\t\t<div class=\"elementor-element elementor-element-c607fd7 e-con-full e-flex e-con e-child\" data-id=\"c607fd7\" data-element_type=\"container\" data-e-type=\"container\">\n\t\t\t\t<div class=\"elementor-element elementor-element-530ea67 uppercase elementor-widget elementor-widget-heading\" data-id=\"530ea67\" data-element_type=\"widget\" data-e-type=\"widget\" data-widget_type=\"heading.default\">\n\t\t\t\t\t<h2 class=\"elementor-heading-title elementor-size-default\">POCZ\u0104TKI<\/h2>\t\t\t\t<\/div>\n\t\t\t\t<div class=\"elementor-element elementor-element-f085a9c elementor-widget elementor-widget-text-editor\" data-id=\"f085a9c\" data-element_type=\"widget\" data-e-type=\"widget\" data-widget_type=\"text-editor.default\">\n\t\t\t\t\t\t\t\t\t<p>Pierwsze lata dzia\u0142alno\u015bci Fundacji <strong>(do 1998 r.)<\/strong> by\u0142y zwi\u0105zane z Apostolstwem Modlitwy, kt\u00f3rego Krajowym Sekretarzem od 1985 roku by\u0142 o. Tadeusz Kiersztyn.<\/p><p>W tym okresie, pod duchow\u0105 opiek\u0105 <strong>o. Tadeusza Kiersztyna<\/strong> zawi\u0105zywa\u0142a si\u0119 wsp\u00f3lnota ludzi pragn\u0105cych \u201ekocha\u0107 i s\u0142u\u017cy\u0107\u201d, kt\u00f3ra w 1992 roku przybra\u0142a nazw\u0119 <strong>Wsp\u00f3lnota \u015bw. Klaudiusza la Colombi\u00e8re<\/strong>.<\/p>\t\t\t\t\t\t\t\t<\/div>\n\t\t\t\t<\/div>\n\t\t<div class=\"elementor-element elementor-element-33d5f68 e-con-full e-flex e-con e-child\" data-id=\"33d5f68\" data-element_type=\"container\" data-e-type=\"container\">\n\t\t\t\t<div class=\"elementor-element elementor-element-2d28fba elementor-widget elementor-widget-image\" data-id=\"2d28fba\" data-element_type=\"widget\" data-e-type=\"widget\" data-widget_type=\"image.default\">\n\t\t\t\t\t\t\t\t\t\t\t\t\t\t\t<img fetchpriority=\"high\" decoding=\"async\" width=\"478\" height=\"299\" src=\"https:\/\/fundacjasercajezusa.pl\/wp-content\/uploads\/2026\/03\/image-4.jpg\" class=\"attachment-large size-large wp-image-694\" alt=\"\" srcset=\"https:\/\/fundacjasercajezusa.pl\/wp-content\/uploads\/2026\/03\/image-4.jpg 478w, https:\/\/fundacjasercajezusa.pl\/wp-content\/uploads\/2026\/03\/image-4-300x188.jpg 300w\" sizes=\"(max-width: 478px) 100vw, 478px\" \/>\t\t\t\t\t\t\t\t\t\t\t\t\t\t\t<\/div>\n\t\t\t\t<\/div>\n\t\t\t\t\t<\/div>\n\t\t\t\t<\/div>\n\t\t<div class=\"elementor-element elementor-element-4e95bf8 e-flex e-con-boxed e-con e-parent\" data-id=\"4e95bf8\" data-element_type=\"container\" data-e-type=\"container\">\n\t\t\t\t\t<div class=\"e-con-inner\">\n\t\t<div class=\"elementor-element elementor-element-5af0b0f e-con-full e-flex e-con e-child\" data-id=\"5af0b0f\" data-element_type=\"container\" data-e-type=\"container\">\n\t\t\t\t<div class=\"elementor-element elementor-element-fadd6fe uppercase elementor-widget elementor-widget-heading\" data-id=\"fadd6fe\" data-element_type=\"widget\" data-e-type=\"widget\" data-widget_type=\"heading.default\">\n\t\t\t\t\t<h2 class=\"elementor-heading-title elementor-size-default\">DOM FORMACYJNY<\/h2>\t\t\t\t<\/div>\n\t\t\t\t<div class=\"elementor-element elementor-element-9ecc660 elementor-widget elementor-widget-text-editor\" data-id=\"9ecc660\" data-element_type=\"widget\" data-e-type=\"widget\" data-widget_type=\"text-editor.default\">\n\t\t\t\t\t\t\t\t\t<p>Dom Formacyjny Fundacji s\u0142u\u017cy\u0142 jako baza rekolekcyjna dla cz\u0142onk\u00f3w Apostolstwa Modlitwy. Organizowane by\u0142y seminaria pod tytu\u0142em \u201eChrze\u015bcijanin w \u015bwiecie\u201d, w kt\u00f3rych uczestniczy\u0142a przede wszystkim m\u0142odzie\u017c. <br \/><br \/>By\u0142y one po\u0142\u0105czone z kilkudniowymi rekolekcjami. W okresie ferii zimowych i wakacji dzieci i m\u0142odzie\u017c odpoczywa\u0142y w naszym Domu, poznaj\u0105c \u201etajniki\u201d modlitwy, czyli jak rozmawia\u0107 z kochaj\u0105cym Bogiem.<\/p>\t\t\t\t\t\t\t\t<\/div>\n\t\t\t\t<\/div>\n\t\t<div class=\"elementor-element elementor-element-5ea2e19 e-con-full e-flex e-con e-child\" data-id=\"5ea2e19\" data-element_type=\"container\" data-e-type=\"container\">\n\t\t\t\t<div class=\"elementor-element elementor-element-094c4d7 elementor-widget elementor-widget-image\" data-id=\"094c4d7\" data-element_type=\"widget\" data-e-type=\"widget\" data-widget_type=\"image.default\">\n\t\t\t\t\t\t\t\t\t\t\t\t\t\t\t<img decoding=\"async\" width=\"478\" height=\"320\" src=\"https:\/\/fundacjasercajezusa.pl\/wp-content\/uploads\/2026\/03\/image-64.jpg\" class=\"attachment-large size-large wp-image-693\" alt=\"\" srcset=\"https:\/\/fundacjasercajezusa.pl\/wp-content\/uploads\/2026\/03\/image-64.jpg 478w, https:\/\/fundacjasercajezusa.pl\/wp-content\/uploads\/2026\/03\/image-64-300x201.jpg 300w\" sizes=\"(max-width: 478px) 100vw, 478px\" \/>\t\t\t\t\t\t\t\t\t\t\t\t\t\t\t<\/div>\n\t\t\t\t<\/div>\n\t\t\t\t\t<\/div>\n\t\t\t\t<\/div>\n\t\t<div class=\"elementor-element elementor-element-11ff179 e-flex e-con-boxed e-con e-parent\" data-id=\"11ff179\" data-element_type=\"container\" data-e-type=\"container\">\n\t\t\t\t\t<div class=\"e-con-inner\">\n\t\t<div class=\"elementor-element elementor-element-65c897e e-con-full e-flex e-con e-child\" data-id=\"65c897e\" data-element_type=\"container\" data-e-type=\"container\">\n\t\t\t\t<div class=\"elementor-element elementor-element-f0d5364 elementor-widget elementor-widget-image\" data-id=\"f0d5364\" data-element_type=\"widget\" data-e-type=\"widget\" data-widget_type=\"image.default\">\n\t\t\t\t\t\t\t\t\t\t\t\t\t\t\t<img decoding=\"async\" width=\"588\" height=\"287\" src=\"https:\/\/fundacjasercajezusa.pl\/wp-content\/uploads\/2026\/03\/image-14.jpg\" class=\"attachment-large size-large wp-image-695\" alt=\"\" srcset=\"https:\/\/fundacjasercajezusa.pl\/wp-content\/uploads\/2026\/03\/image-14.jpg 588w, https:\/\/fundacjasercajezusa.pl\/wp-content\/uploads\/2026\/03\/image-14-300x146.jpg 300w\" sizes=\"(max-width: 588px) 100vw, 588px\" \/>\t\t\t\t\t\t\t\t\t\t\t\t\t\t\t<\/div>\n\t\t\t\t<\/div>\n\t\t<div class=\"elementor-element elementor-element-5bccc75 e-con-full e-flex e-con e-child\" data-id=\"5bccc75\" data-element_type=\"container\" data-e-type=\"container\">\n\t\t\t\t<div class=\"elementor-element elementor-element-ba3468b elementor-widget elementor-widget-image\" data-id=\"ba3468b\" data-element_type=\"widget\" data-e-type=\"widget\" data-widget_type=\"image.default\">\n\t\t\t\t\t\t\t\t\t\t\t\t\t\t\t<img loading=\"lazy\" decoding=\"async\" width=\"571\" height=\"287\" src=\"https:\/\/fundacjasercajezusa.pl\/wp-content\/uploads\/2026\/03\/image-15.jpg\" class=\"attachment-large size-large wp-image-696\" alt=\"\" srcset=\"https:\/\/fundacjasercajezusa.pl\/wp-content\/uploads\/2026\/03\/image-15.jpg 571w, https:\/\/fundacjasercajezusa.pl\/wp-content\/uploads\/2026\/03\/image-15-300x151.jpg 300w\" sizes=\"(max-width: 571px) 100vw, 571px\" \/>\t\t\t\t\t\t\t\t\t\t\t\t\t\t\t<\/div>\n\t\t\t\t<\/div>\n\t\t\t\t\t<\/div>\n\t\t\t\t<\/div>\n\t\t<div class=\"elementor-element elementor-element-9f36fd8 e-flex e-con-boxed e-con e-parent\" data-id=\"9f36fd8\" data-element_type=\"container\" data-e-type=\"container\">\n\t\t\t\t\t<div class=\"e-con-inner\">\n\t\t<div class=\"elementor-element elementor-element-95c65d2 e-con-full e-flex e-con e-child\" data-id=\"95c65d2\" data-element_type=\"container\" data-e-type=\"container\">\n\t\t\t\t<div class=\"elementor-element elementor-element-e16de3c uppercase elementor-widget elementor-widget-heading\" data-id=\"e16de3c\" data-element_type=\"widget\" data-e-type=\"widget\" data-widget_type=\"heading.default\">\n\t\t\t\t\t<h2 class=\"elementor-heading-title elementor-size-default\">Z\u0142ota korona - Wotum<\/h2>\t\t\t\t<\/div>\n\t\t\t\t<div class=\"elementor-element elementor-element-520d09f elementor-widget elementor-widget-text-editor\" data-id=\"520d09f\" data-element_type=\"widget\" data-e-type=\"widget\" data-widget_type=\"text-editor.default\">\n\t\t\t\t\t\t\t\t\t<p>W listopadzie 1996 roku staraniem Fundacji Serca Jezusa zosta\u0142a wykonana i z\u0142o\u017cona w Bazylice Naj\u015bwi\u0119tszego Serca Pana Jezusa w Krakowie z\u0142ota\u00a0korona-wotum. Korona symbolizuje kr\u00f3lewsk\u0105 w\u0142adz\u0119 Pana Jezusa nad Polsk\u0105, a zarazem nawi\u0105zuje do mistycznych prze\u017cy\u0107 S\u0142u\u017cebnicy Bo\u017cej Rozalii Celak\u00f3wny, m\u00f3wi\u0105cych o tym, \u017ce kr\u00f3lowanie Jezusa, z woli Bo\u017cej, ma rozpocz\u0105\u0107 si\u0119 od Polski, by nast\u0119pnie obj\u0105\u0107 inne kraje \u015bwiata.<\/p>\t\t\t\t\t\t\t\t<\/div>\n\t\t\t\t<\/div>\n\t\t<div class=\"elementor-element elementor-element-06ba030 e-con-full e-flex e-con e-child\" data-id=\"06ba030\" data-element_type=\"container\" data-e-type=\"container\">\n\t\t\t\t<div class=\"elementor-element elementor-element-36f454f elementor-widget-mobile__width-inherit elementor-widget elementor-widget-image\" data-id=\"36f454f\" data-element_type=\"widget\" data-e-type=\"widget\" data-widget_type=\"image.default\">\n\t\t\t\t\t\t\t\t\t\t\t\t\t\t\t<img loading=\"lazy\" decoding=\"async\" width=\"298\" height=\"343\" src=\"https:\/\/fundacjasercajezusa.pl\/wp-content\/uploads\/2026\/03\/image-19.jpg\" class=\"attachment-large size-large wp-image-699\" alt=\"\" srcset=\"https:\/\/fundacjasercajezusa.pl\/wp-content\/uploads\/2026\/03\/image-19.jpg 298w, https:\/\/fundacjasercajezusa.pl\/wp-content\/uploads\/2026\/03\/image-19-261x300.jpg 261w\" sizes=\"(max-width: 298px) 100vw, 298px\" \/>\t\t\t\t\t\t\t\t\t\t\t\t\t\t\t<\/div>\n\t\t\t\t<div class=\"elementor-element elementor-element-92cb56a elementor-widget-mobile__width-inherit elementor-widget elementor-widget-image\" data-id=\"92cb56a\" data-element_type=\"widget\" data-e-type=\"widget\" data-widget_type=\"image.default\">\n\t\t\t\t\t\t\t\t\t\t\t\t\t\t\t<img loading=\"lazy\" decoding=\"async\" width=\"287\" height=\"344\" src=\"https:\/\/fundacjasercajezusa.pl\/wp-content\/uploads\/2026\/03\/image-20.jpg\" class=\"attachment-large size-large wp-image-700\" alt=\"\" srcset=\"https:\/\/fundacjasercajezusa.pl\/wp-content\/uploads\/2026\/03\/image-20.jpg 287w, https:\/\/fundacjasercajezusa.pl\/wp-content\/uploads\/2026\/03\/image-20-250x300.jpg 250w\" sizes=\"(max-width: 287px) 100vw, 287px\" \/>\t\t\t\t\t\t\t\t\t\t\t\t\t\t\t<\/div>\n\t\t\t\t<\/div>\n\t\t\t\t\t<\/div>\n\t\t\t\t<\/div>\n\t\t<div class=\"elementor-element elementor-element-493acc0 e-flex e-con-boxed e-con e-parent\" data-id=\"493acc0\" data-element_type=\"container\" data-e-type=\"container\">\n\t\t\t\t\t<div class=\"e-con-inner\">\n\t\t<div class=\"elementor-element elementor-element-7c61478 e-con-full e-flex e-con e-child\" data-id=\"7c61478\" data-element_type=\"container\" data-e-type=\"container\">\n\t\t\t\t<div class=\"elementor-element elementor-element-602c7d9 uppercase elementor-widget elementor-widget-heading\" data-id=\"602c7d9\" data-element_type=\"widget\" data-e-type=\"widget\" data-widget_type=\"heading.default\">\n\t\t\t\t\t<h2 class=\"elementor-heading-title elementor-size-default\">PRACE PROCESOWE<\/h2>\t\t\t\t<\/div>\n\t\t\t\t<div class=\"elementor-element elementor-element-937d0f9 elementor-widget elementor-widget-text-editor\" data-id=\"937d0f9\" data-element_type=\"widget\" data-e-type=\"widget\" data-widget_type=\"text-editor.default\">\n\t\t\t\t\t\t\t\t\t<p>R\u00f3wnocze\u015bnie prowadzone by\u0142y intensywnie prace procesowe, kt\u00f3re ostatecznie Biuro Postulacji zako\u0144czy\u0142o w 2000 roku. We wrze\u015bniu tego roku zosta\u0142o z\u0142o\u017cone do Kurii krakowskiej pismo z pro\u015bb\u0105 o zamkni\u0119cie procesu. Nast\u0105pi\u0142o to siedem lat p\u00f3\u017aniej, tj. 17 kwietnia 2007 roku.<\/p>\t\t\t\t\t\t\t\t<\/div>\n\t\t\t\t<\/div>\n\t\t<div class=\"elementor-element elementor-element-7631cd8 e-con-full e-flex e-con e-child\" data-id=\"7631cd8\" data-element_type=\"container\" data-e-type=\"container\">\n\t\t\t\t<div class=\"elementor-element elementor-element-1d1e778 elementor-widget-mobile__width-inherit elementor-widget elementor-widget-image\" data-id=\"1d1e778\" data-element_type=\"widget\" data-e-type=\"widget\" data-widget_type=\"image.default\">\n\t\t\t\t\t\t\t\t\t\t\t\t\t\t\t<img loading=\"lazy\" decoding=\"async\" width=\"291\" height=\"299\" src=\"https:\/\/fundacjasercajezusa.pl\/wp-content\/uploads\/2026\/03\/image-23.jpg\" class=\"attachment-large size-large wp-image-703\" alt=\"\" \/>\t\t\t\t\t\t\t\t\t\t\t\t\t\t\t<\/div>\n\t\t\t\t<div class=\"elementor-element elementor-element-bcaa144 elementor-widget-mobile__width-inherit elementor-widget elementor-widget-image\" data-id=\"bcaa144\" data-element_type=\"widget\" data-e-type=\"widget\" data-widget_type=\"image.default\">\n\t\t\t\t\t\t\t\t\t\t\t\t\t\t\t<img loading=\"lazy\" decoding=\"async\" width=\"291\" height=\"299\" src=\"https:\/\/fundacjasercajezusa.pl\/wp-content\/uploads\/2026\/03\/image.jpg\" class=\"attachment-large size-large wp-image-704\" alt=\"\" \/>\t\t\t\t\t\t\t\t\t\t\t\t\t\t\t<\/div>\n\t\t\t\t<\/div>\n\t\t\t\t\t<\/div>\n\t\t\t\t<\/div>\n\t\t<div class=\"elementor-element elementor-element-4d2940f e-flex e-con-boxed e-con e-parent\" data-id=\"4d2940f\" data-element_type=\"container\" data-e-type=\"container\" data-settings=\"{&quot;background_background&quot;:&quot;classic&quot;}\">\n\t\t\t\t\t<div class=\"e-con-inner\">\n\t\t<div class=\"elementor-element elementor-element-f13d691 e-con-full e-flex e-con e-child\" data-id=\"f13d691\" data-element_type=\"container\" data-e-type=\"container\">\n\t\t<div class=\"elementor-element elementor-element-b69503b e-con-full e-flex e-con e-child\" data-id=\"b69503b\" data-element_type=\"container\" data-e-type=\"container\">\n\t\t\t\t<div class=\"elementor-element elementor-element-18d5ec6 uppercase elementor-widget elementor-widget-heading\" data-id=\"18d5ec6\" data-element_type=\"widget\" data-e-type=\"widget\" data-widget_type=\"heading.default\">\n\t\t\t\t\t<h2 class=\"elementor-heading-title elementor-size-default\">Rozalia Celak\u00f3wna<\/h2>\t\t\t\t<\/div>\n\t\t\t\t<div class=\"elementor-element elementor-element-75fa153 elementor-widget elementor-widget-text-editor\" data-id=\"75fa153\" data-element_type=\"widget\" data-e-type=\"widget\" data-widget_type=\"text-editor.default\">\n\t\t\t\t\t\t\t\t\t<p>Staraniem opiekuna duchownego Fundacji i Wsp\u00f3lnoty ks. Tadeusza Kiersztyna w dniu 5 listopada 1996 roku zosta\u0142 otwarty na terenie archidiecezji krakowskiej proces beatyfikacyjny Rozalii Celak\u00f3wny. Funkcj\u0119 procesow\u0105\u00a0Powoda\u00a0sprawowa\u0142a Fundacja Serca Jezusa.<\/p>\t\t\t\t\t\t\t\t<\/div>\n\t\t\t\t<\/div>\n\t\t<div class=\"elementor-element elementor-element-9746777 e-con-full e-flex e-con e-child\" data-id=\"9746777\" data-element_type=\"container\" data-e-type=\"container\">\n\t\t\t\t<div class=\"elementor-element elementor-element-eef1c1c elementor-widget elementor-widget-text-editor\" data-id=\"eef1c1c\" data-element_type=\"widget\" data-e-type=\"widget\" data-widget_type=\"text-editor.default\">\n\t\t\t\t\t\t\t\t\t<p>Przy Fundacji powsta\u0142o Biuro Postulacji S.B. Rozalii, kt\u00f3re funkcjonowa\u0142o do czasu zamkni\u0119cia procesu na szczeblu diecezji, tj. do 17 kwietnia 2007 roku. Nieocenionym wparciem w pracach procesowych by\u0142 ks. Stefan Ry\u0142ko, delegat Kurii, kt\u00f3ry nadzorowa\u0142 proces Rozalii. Wi\u0119cej o procesie na stronie archiwalnej Biura Postulacji\u00a0www.rozalia.krakow.pl<\/p>\t\t\t\t\t\t\t\t<\/div>\n\t\t\t\t<\/div>\n\t\t\t\t<\/div>\n\t\t<div class=\"elementor-element elementor-element-a6b0ac1 e-con-full e-flex e-con e-child\" data-id=\"a6b0ac1\" data-element_type=\"container\" data-e-type=\"container\">\n\t\t<div class=\"elementor-element elementor-element-d812cf0 e-con-full e-flex e-con e-child\" data-id=\"d812cf0\" data-element_type=\"container\" data-e-type=\"container\">\n\t\t\t\t<div class=\"elementor-element elementor-element-d04f574 elementor-widget elementor-widget-image\" data-id=\"d04f574\" data-element_type=\"widget\" data-e-type=\"widget\" data-widget_type=\"image.default\">\n\t\t\t\t\t\t\t\t\t\t\t\t\t\t\t<img loading=\"lazy\" decoding=\"async\" width=\"502\" height=\"242\" src=\"https:\/\/fundacjasercajezusa.pl\/wp-content\/uploads\/2026\/03\/image-17.jpg\" class=\"attachment-large size-large wp-image-697\" alt=\"\" srcset=\"https:\/\/fundacjasercajezusa.pl\/wp-content\/uploads\/2026\/03\/image-17.jpg 502w, https:\/\/fundacjasercajezusa.pl\/wp-content\/uploads\/2026\/03\/image-17-300x145.jpg 300w\" sizes=\"(max-width: 502px) 100vw, 502px\" \/>\t\t\t\t\t\t\t\t\t\t\t\t\t\t\t<\/div>\n\t\t\t\t<\/div>\n\t\t<div class=\"elementor-element elementor-element-bb84933 e-con-full e-flex e-con e-child\" data-id=\"bb84933\" data-element_type=\"container\" data-e-type=\"container\">\n\t\t\t\t<div class=\"elementor-element elementor-element-202d7da elementor-widget elementor-widget-image\" data-id=\"202d7da\" data-element_type=\"widget\" data-e-type=\"widget\" data-widget_type=\"image.default\">\n\t\t\t\t\t\t\t\t\t\t\t\t\t\t\t<img loading=\"lazy\" decoding=\"async\" width=\"580\" height=\"242\" src=\"https:\/\/fundacjasercajezusa.pl\/wp-content\/uploads\/2026\/03\/image-18.jpg\" class=\"attachment-large size-large wp-image-698\" alt=\"\" srcset=\"https:\/\/fundacjasercajezusa.pl\/wp-content\/uploads\/2026\/03\/image-18.jpg 580w, https:\/\/fundacjasercajezusa.pl\/wp-content\/uploads\/2026\/03\/image-18-300x125.jpg 300w\" sizes=\"(max-width: 580px) 100vw, 580px\" \/>\t\t\t\t\t\t\t\t\t\t\t\t\t\t\t<\/div>\n\t\t\t\t<\/div>\n\t\t\t\t<\/div>\n\t\t<div class=\"elementor-element elementor-element-beb2e8e e-con-full e-flex e-con e-child\" data-id=\"beb2e8e\" data-element_type=\"container\" data-e-type=\"container\">\n\t\t<div class=\"elementor-element elementor-element-42c0033 e-con-full e-flex e-con e-child\" data-id=\"42c0033\" data-element_type=\"container\" data-e-type=\"container\">\n\t\t\t\t<div class=\"elementor-element elementor-element-756aae1 uppercase elementor-widget elementor-widget-heading\" data-id=\"756aae1\" data-element_type=\"widget\" data-e-type=\"widget\" data-widget_type=\"heading.default\">\n\t\t\t\t\t<h2 class=\"elementor-heading-title elementor-size-default\">Sarkofag rozalii<\/h2>\t\t\t\t<\/div>\n\t\t\t\t<div class=\"elementor-element elementor-element-7d6b77b elementor-widget elementor-widget-text-editor\" data-id=\"7d6b77b\" data-element_type=\"widget\" data-e-type=\"widget\" data-widget_type=\"text-editor.default\">\n\t\t\t\t\t\t\t\t\t<p>W roku 1998 Fundacja Serca Jezusa w ramach czynno\u015bci procesowych, planuj\u0105c ekshumacj\u0119 doczesnych szcz\u0105tek Rozalii, podj\u0119\u0142a starania w sprawie wykonania sarkofagu Rozalii Celak\u00f3wny, kt\u00f3ry wed\u0142ug projektu artysty rze\u017abiarza z Poznania, p. Micha\u0142a Go\u0142\u0105bka, zosta\u0142 wykonany w 1999 roku. Sarkofag zosta\u0142 zamontowany w Bazylice Naj\u015bwi\u0119tszego Serca Jezusa w Krakowie w 2008 roku.<\/p>\t\t\t\t\t\t\t\t<\/div>\n\t\t\t\t<\/div>\n\t\t<div class=\"elementor-element elementor-element-6cbe3d4 e-con-full e-flex e-con e-child\" data-id=\"6cbe3d4\" data-element_type=\"container\" data-e-type=\"container\">\n\t\t<div class=\"elementor-element elementor-element-2425540 e-con-full e-flex e-con e-child\" data-id=\"2425540\" data-element_type=\"container\" data-e-type=\"container\">\n\t\t\t\t<div class=\"elementor-element elementor-element-fc2bd14 elementor-widget-mobile__width-inherit elementor-widget elementor-widget-image\" data-id=\"fc2bd14\" data-element_type=\"widget\" data-e-type=\"widget\" data-widget_type=\"image.default\">\n\t\t\t\t\t\t\t\t\t\t\t\t\t\t\t<img loading=\"lazy\" decoding=\"async\" width=\"285\" height=\"333\" src=\"https:\/\/fundacjasercajezusa.pl\/wp-content\/uploads\/2026\/03\/image-21.jpg\" class=\"attachment-large size-large wp-image-701\" alt=\"\" srcset=\"https:\/\/fundacjasercajezusa.pl\/wp-content\/uploads\/2026\/03\/image-21.jpg 285w, https:\/\/fundacjasercajezusa.pl\/wp-content\/uploads\/2026\/03\/image-21-257x300.jpg 257w\" sizes=\"(max-width: 285px) 100vw, 285px\" \/>\t\t\t\t\t\t\t\t\t\t\t\t\t\t\t<\/div>\n\t\t\t\t<div class=\"elementor-element elementor-element-241ae19 elementor-widget-mobile__width-inherit elementor-widget elementor-widget-image\" data-id=\"241ae19\" data-element_type=\"widget\" data-e-type=\"widget\" data-widget_type=\"image.default\">\n\t\t\t\t\t\t\t\t\t\t\t\t\t\t\t<img loading=\"lazy\" decoding=\"async\" width=\"274\" height=\"333\" src=\"https:\/\/fundacjasercajezusa.pl\/wp-content\/uploads\/2026\/03\/image-22.jpg\" class=\"attachment-large size-large wp-image-702\" alt=\"\" srcset=\"https:\/\/fundacjasercajezusa.pl\/wp-content\/uploads\/2026\/03\/image-22.jpg 274w, https:\/\/fundacjasercajezusa.pl\/wp-content\/uploads\/2026\/03\/image-22-247x300.jpg 247w\" sizes=\"(max-width: 274px) 100vw, 274px\" \/>\t\t\t\t\t\t\t\t\t\t\t\t\t\t\t<\/div>\n\t\t\t\t<\/div>\n\t\t\t\t<\/div>\n\t\t\t\t<\/div>\n\t\t\t\t\t<\/div>\n\t\t\t\t<\/div>\n\t\t<div class=\"elementor-element elementor-element-4bf597b e-flex e-con-boxed e-con e-parent\" data-id=\"4bf597b\" data-element_type=\"container\" data-e-type=\"container\">\n\t\t\t\t\t<div class=\"e-con-inner\">\n\t\t<div class=\"elementor-element elementor-element-81968d5 e-con-full e-flex e-con e-child\" data-id=\"81968d5\" data-element_type=\"container\" data-e-type=\"container\" data-settings=\"{&quot;background_background&quot;:&quot;classic&quot;}\">\n\t\t<div class=\"elementor-element elementor-element-27be366 e-con-full e-flex e-con e-child\" data-id=\"27be366\" data-element_type=\"container\" data-e-type=\"container\">\n\t\t\t\t<div class=\"elementor-element elementor-element-f3960be elementor-widget elementor-widget-text-editor\" data-id=\"f3960be\" data-element_type=\"widget\" data-e-type=\"widget\" data-widget_type=\"text-editor.default\">\n\t\t\t\t\t\t\t\t\t<p>Od momentu rozpocz\u0119cia procesu S.B. Rozalii Celak\u00f3wny dzia\u0142ania Fundacji skupi\u0142y si\u0119 na staraniach o dokonanie w Polsce Intronizacji Jezusa Kr\u00f3la Polski i propagowaniu tej idei. Po 20 latach od rozpocz\u0119cia procesu S.B. Rozalii Akt Intronizacyjny zosta\u0142 uroczy\u015bcie proklamowany 19 listopada 2016 roku w Krakowie \u2013 \u0141agiewnikach, w Bazylice Mi\u0142osierdzia Bo\u017cego, w obecno\u015bci przedstawicieli w\u0142adz \u015bwieckich, Episkopatu Polski, tysi\u0105ca kap\u0142an\u00f3w i dwustutysiecznej rzeszy wiernych.<br \/><br \/>Dzia\u0142ania Fundacji skierowane s\u0105 obecnie na szerokie informowanie o dokonanym w 2016 roku\u00a0Jubileuszowym Akcie Przyj\u0119cia Jezusa Chrystusa za Kr\u00f3la i Pana\u00a0(m.in. zapoznawanie z tre\u015bci\u0105 Aktu i Komentarzem KEP), ze szczeg\u00f3lnym ukierunkowaniem na zobowi\u0105zania Narodu wynikaj\u0105ce z Aktu.<\/p>\t\t\t\t\t\t\t\t<\/div>\n\t\t\t\t<\/div>\n\t\t<div class=\"elementor-element elementor-element-3d88252 e-con-full e-flex e-con e-child\" data-id=\"3d88252\" data-element_type=\"container\" data-e-type=\"container\">\n\t\t\t\t<div class=\"elementor-element elementor-element-f47e959 elementor-widget elementor-widget-image\" data-id=\"f47e959\" data-element_type=\"widget\" data-e-type=\"widget\" data-widget_type=\"image.default\">\n\t\t\t\t\t\t\t\t\t\t\t\t\t\t\t<img loading=\"lazy\" decoding=\"async\" width=\"316\" height=\"382\" src=\"https:\/\/fundacjasercajezusa.pl\/wp-content\/uploads\/2026\/03\/nasza-historia-5-1.jpg\" class=\"attachment-large size-large wp-image-705\" alt=\"\" srcset=\"https:\/\/fundacjasercajezusa.pl\/wp-content\/uploads\/2026\/03\/nasza-historia-5-1.jpg 316w, https:\/\/fundacjasercajezusa.pl\/wp-content\/uploads\/2026\/03\/nasza-historia-5-1-248x300.jpg 248w\" sizes=\"(max-width: 316px) 100vw, 316px\" \/>\t\t\t\t\t\t\t\t\t\t\t\t\t\t\t<\/div>\n\t\t\t\t<\/div>\n\t\t\t\t<\/div>\n\t\t\t\t\t<\/div>\n\t\t\t\t<\/div>\n\t\t\t\t<\/div>\n\t\t","protected":false},"excerpt":{"rendered":"<p>Nasza Historia POCZ\u0104TKI Pierwsze lata dzia\u0142alno\u015bci Fundacji (do 1998 r.) by\u0142y zwi\u0105zane z Apostolstwem<span class=\"more-dots\">&#8230;<\/span><\/p>\n","protected":false},"author":6,"featured_media":0,"parent":0,"menu_order":0,"comment_status":"closed","ping_status":"closed","template":"elementor_canvas","meta":{"_acf_changed":false,"footnotes":""},"class_list":["post-690","page","type-page","status-publish","hentry","no-post-thumbnail"],"acf":[],"_links":{"self":[{"href":"https:\/\/fundacjasercajezusa.pl\/index.php\/wp-json\/wp\/v2\/pages\/690","targetHints":{"allow":["GET"]}}],"collection":[{"href":"https:\/\/fundacjasercajezusa.pl\/index.php\/wp-json\/wp\/v2\/pages"}],"about":[{"href":"https:\/\/fundacjasercajezusa.pl\/index.php\/wp-json\/wp\/v2\/types\/page"}],"author":[{"embeddable":true,"href":"https:\/\/fundacjasercajezusa.pl\/index.php\/wp-json\/wp\/v2\/users\/6"}],"replies":[{"embeddable":true,"href":"https:\/\/fundacjasercajezusa.pl\/index.php\/wp-json\/wp\/v2\/comments?post=690"}],"version-history":[{"count":22,"href":"https:\/\/fundacjasercajezusa.pl\/index.php\/wp-json\/wp\/v2\/pages\/690\/revisions"}],"predecessor-version":[{"id":728,"href":"https:\/\/fundacjasercajezusa.pl\/index.php\/wp-json\/wp\/v2\/pages\/690\/revisions\/728"}],"wp:attachment":[{"href":"https:\/\/fundacjasercajezusa.pl\/index.php\/wp-json\/wp\/v2\/media?parent=690"}],"curies":[{"name":"wp","href":"https:\/\/api.w.org\/{rel}","templated":true}]}}